{"id":2029,"date":"2020-10-09T07:19:53","date_gmt":"2020-10-09T07:19:53","guid":{"rendered":"https:\/\/dev.getspace.us\/salcininkaikultura\/?page_id=2029"},"modified":"2020-11-30T12:32:57","modified_gmt":"2020-11-30T12:32:57","slug":"sala-imprez-w-dajnowie","status":"publish","type":"page","link":"https:\/\/salcininkaikultura.lt\/pl\/sala-imprez-w-dajnowie\/","title":{"rendered":"Sala Imprez w Dajnowie"},"content":{"rendered":"\t\t<div data-elementor-type=\"wp-page\" data-elementor-id=\"2029\" class=\"elementor elementor-2029\" data-elementor-post-type=\"page\">\n\t\t\t\t\t\t<section class=\"elementor-section elementor-top-section elementor-element elementor-element-aa445b5 elementor-section-boxed elementor-section-height-default elementor-section-height-default\" data-id=\"aa445b5\" data-element_type=\"section\">\n\t\t\t\t\t\t<div class=\"elementor-container elementor-column-gap-default\">\n\t\t\t\t\t<div class=\"elementor-column elementor-col-100 elementor-top-column elementor-element elementor-element-5dc7625\" data-id=\"5dc7625\" data-element_type=\"column\">\n\t\t\t<div class=\"elementor-widget-wrap elementor-element-populated\">\n\t\t\t\t\t\t<div class=\"elementor-element elementor-element-6f1d553 elementor-widget elementor-widget-heading\" data-id=\"6f1d553\" data-element_type=\"widget\" data-widget_type=\"heading.default\">\n\t\t\t\t<div class=\"elementor-widget-container\">\n\t\t\t\t\t<h2 class=\"elementor-heading-title elementor-size-default\">Sala Imprez w Dajnowie<\/h2>\t\t\t\t<\/div>\n\t\t\t\t<\/div>\n\t\t\t\t\t<\/div>\n\t\t<\/div>\n\t\t\t\t\t<\/div>\n\t\t<\/section>\n\t\t\t\t<section class=\"elementor-section elementor-top-section elementor-element elementor-element-5e194ed elementor-section-boxed elementor-section-height-default elementor-section-height-default\" data-id=\"5e194ed\" data-element_type=\"section\">\n\t\t\t\t\t\t<div class=\"elementor-container elementor-column-gap-default\">\n\t\t\t\t\t<div class=\"elementor-column elementor-col-50 elementor-top-column elementor-element elementor-element-50a342c\" data-id=\"50a342c\" data-element_type=\"column\">\n\t\t\t<div class=\"elementor-widget-wrap elementor-element-populated\">\n\t\t\t\t\t\t<div class=\"elementor-element elementor-element-2f20d66 elementor-widget elementor-widget-image\" data-id=\"2f20d66\" data-element_type=\"widget\" data-widget_type=\"image.default\">\n\t\t\t\t<div class=\"elementor-widget-container\">\n\t\t\t\t\t\t\t\t\t\t\t\t\t\t\t<img fetchpriority=\"high\" decoding=\"async\" width=\"1024\" height=\"768\" src=\"https:\/\/salcininkaikultura.lt\/wp-content\/uploads\/2020\/08\/DSCF2230-1024x768.jpg\" class=\"attachment-large size-large wp-image-1411\" alt=\"Dajnowa\" srcset=\"https:\/\/salcininkaikultura.lt\/wp-content\/uploads\/2020\/08\/DSCF2230-1024x768.jpg 1024w, https:\/\/salcininkaikultura.lt\/wp-content\/uploads\/2020\/08\/DSCF2230-300x225.jpg 300w, https:\/\/salcininkaikultura.lt\/wp-content\/uploads\/2020\/08\/DSCF2230-768x576.jpg 768w, https:\/\/salcininkaikultura.lt\/wp-content\/uploads\/2020\/08\/DSCF2230-1536x1152.jpg 1536w, https:\/\/salcininkaikultura.lt\/wp-content\/uploads\/2020\/08\/DSCF2230-2048x1536.jpg 2048w\" sizes=\"(max-width: 1024px) 100vw, 1024px\" \/>\t\t\t\t\t\t\t\t\t\t\t\t\t\t\t<\/div>\n\t\t\t\t<\/div>\n\t\t\t\t\t<\/div>\n\t\t<\/div>\n\t\t\t\t<div class=\"elementor-column elementor-col-50 elementor-top-column elementor-element elementor-element-49dd568\" data-id=\"49dd568\" data-element_type=\"column\">\n\t\t\t<div class=\"elementor-widget-wrap elementor-element-populated\">\n\t\t\t\t\t\t<div class=\"elementor-element elementor-element-6134540 elementor-widget elementor-widget-text-editor\" data-id=\"6134540\" data-element_type=\"widget\" data-widget_type=\"text-editor.default\">\n\t\t\t\t<div class=\"elementor-widget-container\">\n\t\t\t\t\t\t\t\t\t<p>\u00a0 \u00a0 \u00a0 \u00a0 \u00a0 \u00a0 Sala Imprez w Dajnowie jest jedn\u0105 z plac\u00f3wek Centrum Kultury Samorz\u0105du Rejonu Solecznickiego.<br \/>O\u015brodek kultury prowadzi wiele form dzia\u0142alno\u015bci kulturalnej. Poprzez recitale i koncerty artyst\u00f3w i zespo\u0142\u00f3w muzycznych, imprezy okoliczno\u015bciowe, imprezy cykliczne, uroczysto\u015bci zwi\u0105zane z obchodami \u015bwi\u0105t pa\u0144stwowych przez konkursy i zabawy dla dzieci, koncerty dla m\u0142odzie\u017cy, po imprezy tematyczne nawi\u0105zuj\u0105ce do tradycji ludowych regionu. Realizuj\u0105c swoje zadania statutowe wsp\u00f3\u0142pracuje z przedszkolami i szko\u0142ami, organizacjami spo\u0142ecznymi i stowarzyszeniami dzia\u0142aj\u0105cymi na terenie rejonu solecznickiego.<br \/>\u00a0 \u00a0 \u00a0 \u00a0 \u00a0 \u00a0 \u00a0W ci\u0105gu roku plac\u00f3wka organizuje r\u00f3\u017cne imprezy, anga\u017cuje wiele os\u00f3b, zw\u0142aszcza dzieci i m\u0142odzie\u017c i promuje ich udzia\u0142 w \u017cyciu kulturalnym. Zachowuje, rozpowszechnia, przekazuje tradycje krajowe i lokalne z pokolenia na pokolenie.<br \/>\u00a0 \u00a0 \u00a0 \u00a0 \u00a0 \u00a0 \u00a0<\/p>\t\t\t\t\t\t\t\t<\/div>\n\t\t\t\t<\/div>\n\t\t\t\t\t<\/div>\n\t\t<\/div>\n\t\t\t\t\t<\/div>\n\t\t<\/section>\n\t\t\t\t<section class=\"elementor-section elementor-top-section elementor-element elementor-element-096e85c elementor-section-boxed elementor-section-height-default elementor-section-height-default\" data-id=\"096e85c\" data-element_type=\"section\">\n\t\t\t\t\t\t<div class=\"elementor-container elementor-column-gap-default\">\n\t\t\t\t\t<div class=\"elementor-column elementor-col-100 elementor-top-column elementor-element elementor-element-47cbf65\" data-id=\"47cbf65\" data-element_type=\"column\">\n\t\t\t<div class=\"elementor-widget-wrap elementor-element-populated\">\n\t\t\t\t\t\t<div class=\"elementor-element elementor-element-8fa62b8 elementor-widget elementor-widget-text-editor\" data-id=\"8fa62b8\" data-element_type=\"widget\" data-widget_type=\"text-editor.default\">\n\t\t\t\t<div class=\"elementor-widget-container\">\n\t\t\t\t\t\t\t\t\t<p>\u00a0 \u00a0 \u00a0 \u00a0 \u00a0 \u00a0 \u00a0Plan g\u0142\u00f3wnych wydarze\u0144 oparty na: obchodach \u015bwi\u0105t kalendarzowych, upami\u0119tnianiu dat, organizacji koncert\u00f3w, wyst\u0119pach grup amatorskich. Praca kulturalna to nie tylko wydarzenia. Dzia\u0142aj\u0105 trzy k\u00f3\u0142ka; teatralne,taneczne i kwartet dziewczynek. Z powodzeniem odbywaj\u0105 si\u0119 tradycyjne uroczysto\u015bci \u2013 \u015bwi\u0119to Babci i Dziadka, Zapusty, dzie\u0144 Matki, impreza \u015awi\u0119tego Andrzeja, Wigilia i wiele innych imprez.<\/p>\t\t\t\t\t\t\t\t<\/div>\n\t\t\t\t<\/div>\n\t\t\t\t\t<\/div>\n\t\t<\/div>\n\t\t\t\t\t<\/div>\n\t\t<\/section>\n\t\t\t\t<section class=\"elementor-section elementor-top-section elementor-element elementor-element-e66e625 elementor-section-boxed elementor-section-height-default elementor-section-height-default\" data-id=\"e66e625\" data-element_type=\"section\">\n\t\t\t\t\t\t<div class=\"elementor-container elementor-column-gap-default\">\n\t\t\t\t\t<div class=\"elementor-column elementor-col-100 elementor-top-column elementor-element elementor-element-d828156\" data-id=\"d828156\" data-element_type=\"column\">\n\t\t\t<div class=\"elementor-widget-wrap elementor-element-populated\">\n\t\t\t\t\t\t<div class=\"elementor-element elementor-element-d81153c elementor-arrows-position-inside elementor-pagination-position-outside elementor-widget elementor-widget-image-carousel\" data-id=\"d81153c\" data-element_type=\"widget\" data-settings=\"{&quot;navigation&quot;:&quot;both&quot;,&quot;autoplay&quot;:&quot;yes&quot;,&quot;pause_on_hover&quot;:&quot;yes&quot;,&quot;pause_on_interaction&quot;:&quot;yes&quot;,&quot;autoplay_speed&quot;:5000,&quot;infinite&quot;:&quot;yes&quot;,&quot;speed&quot;:500}\" data-widget_type=\"image-carousel.default\">\n\t\t\t\t<div class=\"elementor-widget-container\">\n\t\t\t\t\t\t\t<div class=\"elementor-image-carousel-wrapper swiper\" role=\"region\" aria-roledescription=\"carousel\" aria-label=\"Karuzela obrazk\u00f3w\" dir=\"ltr\">\n\t\t\t<div class=\"elementor-image-carousel swiper-wrapper\" aria-live=\"off\">\n\t\t\t\t\t\t\t\t<div class=\"swiper-slide\" role=\"group\" aria-roledescription=\"slide\" aria-label=\"1 z 5\"><figure class=\"swiper-slide-inner\"><img decoding=\"async\" class=\"swiper-slide-image\" src=\"https:\/\/salcininkaikultura.lt\/wp-content\/uploads\/2020\/08\/20190119_181807-768x576.jpg\" alt=\"Dajnowa\" \/><\/figure><\/div><div class=\"swiper-slide\" role=\"group\" aria-roledescription=\"slide\" aria-label=\"2 z 5\"><figure class=\"swiper-slide-inner\"><img decoding=\"async\" class=\"swiper-slide-image\" src=\"https:\/\/salcininkaikultura.lt\/wp-content\/uploads\/2020\/08\/20200222_180805-768x576.jpg\" alt=\"Dajnowa\" \/><\/figure><\/div><div class=\"swiper-slide\" role=\"group\" aria-roledescription=\"slide\" aria-label=\"3 z 5\"><figure class=\"swiper-slide-inner\"><img decoding=\"async\" class=\"swiper-slide-image\" src=\"https:\/\/salcininkaikultura.lt\/wp-content\/uploads\/2020\/08\/72875177_2521338914578326_8313565695749128192_o-768x513.jpg\" alt=\"Dajnowa\" \/><\/figure><\/div><div class=\"swiper-slide\" role=\"group\" aria-roledescription=\"slide\" aria-label=\"4 z 5\"><figure class=\"swiper-slide-inner\"><img decoding=\"async\" class=\"swiper-slide-image\" src=\"https:\/\/salcininkaikultura.lt\/wp-content\/uploads\/2020\/08\/CIMG8437-768x576.jpg\" alt=\"Dajnowa\" \/><\/figure><\/div><div class=\"swiper-slide\" role=\"group\" aria-roledescription=\"slide\" aria-label=\"5 z 5\"><figure class=\"swiper-slide-inner\"><img decoding=\"async\" class=\"swiper-slide-image\" src=\"https:\/\/salcininkaikultura.lt\/wp-content\/uploads\/2020\/08\/CIMG9526-768x576.jpg\" alt=\"Dajnowa\" \/><\/figure><\/div>\t\t\t<\/div>\n\t\t\t\t\t\t\t\t\t\t\t\t<div class=\"elementor-swiper-button elementor-swiper-button-prev\" role=\"button\" tabindex=\"0\">\n\t\t\t\t\t\t<i aria-hidden=\"true\" class=\"eicon-chevron-left\"><\/i>\t\t\t\t\t<\/div>\n\t\t\t\t\t<div class=\"elementor-swiper-button elementor-swiper-button-next\" role=\"button\" tabindex=\"0\">\n\t\t\t\t\t\t<i aria-hidden=\"true\" class=\"eicon-chevron-right\"><\/i>\t\t\t\t\t<\/div>\n\t\t\t\t\n\t\t\t\t\t\t\t\t\t<div class=\"swiper-pagination\"><\/div>\n\t\t\t\t\t\t\t\t\t<\/div>\n\t\t\t\t\t\t<\/div>\n\t\t\t\t<\/div>\n\t\t\t\t\t<\/div>\n\t\t<\/div>\n\t\t\t\t\t<\/div>\n\t\t<\/section>\n\t\t\t\t<section class=\"elementor-section elementor-top-section elementor-element elementor-element-51a7912 elementor-section-boxed elementor-section-height-default elementor-section-height-default\" data-id=\"51a7912\" data-element_type=\"section\">\n\t\t\t\t\t\t<div class=\"elementor-container elementor-column-gap-default\">\n\t\t\t\t\t<div class=\"elementor-column elementor-col-100 elementor-top-column elementor-element elementor-element-bf9582d\" data-id=\"bf9582d\" data-element_type=\"column\">\n\t\t\t<div class=\"elementor-widget-wrap elementor-element-populated\">\n\t\t\t\t\t\t<div class=\"elementor-element elementor-element-2146799 elementor-widget elementor-widget-text-editor\" data-id=\"2146799\" data-element_type=\"widget\" data-widget_type=\"text-editor.default\">\n\t\t\t\t<div class=\"elementor-widget-container\">\n\t\t\t\t\t\t\t\t\t<p><strong>Kierownik <\/strong>Sali Imprez w Dajnowie Halina Stanis\u0142awa Szymielewicz<\/p><p><strong>Adres: <\/strong>ul. Sodu 85; Dajnowa,<br \/>tel. <span style=\"color: #333399;\">+370 (380) 47 747<\/span><br \/>e-mail.: <span style=\"color: #333399;\">dainava@salcininkaikultura.lt<\/span><\/p>\t\t\t\t\t\t\t\t<\/div>\n\t\t\t\t<\/div>\n\t\t\t\t\t<\/div>\n\t\t<\/div>\n\t\t\t\t\t<\/div>\n\t\t<\/section>\n\t\t\t\t<\/div>\n\t\t","protected":false},"excerpt":{"rendered":"<p>Sala Imprez w Dajnowie \u00a0 \u00a0 \u00a0 \u00a0 \u00a0 \u00a0 Sala Imprez w Dajnowie jest jedn\u0105 z plac\u00f3wek Centrum Kultury Samorz\u0105du Rejonu Solecznickiego.O\u015brodek kultury prowadzi wiele form dzia\u0142alno\u015bci kulturalnej. Poprzez recitale i koncerty artyst\u00f3w i zespo\u0142\u00f3w muzycznych, imprezy okoliczno\u015bciowe, imprezy cykliczne, uroczysto\u015bci zwi\u0105zane z obchodami \u015bwi\u0105t pa\u0144stwowych przez konkursy i zabawy dla dzieci, koncerty dla [&hellip;]<\/p>\n","protected":false},"author":3,"featured_media":0,"parent":0,"menu_order":0,"comment_status":"closed","ping_status":"closed","template":"","meta":{"ocean_post_layout":"","ocean_both_sidebars_style":"","ocean_both_sidebars_content_width":0,"ocean_both_sidebars_sidebars_width":0,"ocean_sidebar":"","ocean_second_sidebar":"","ocean_disable_margins":"enable","ocean_add_body_class":"","ocean_shortcode_before_top_bar":"","ocean_shortcode_after_top_bar":"","ocean_shortcode_before_header":"","ocean_shortcode_after_header":"","ocean_has_shortcode":"","ocean_shortcode_after_title":"","ocean_shortcode_before_footer_widgets":"","ocean_shortcode_after_footer_widgets":"","ocean_shortcode_before_footer_bottom":"","ocean_shortcode_after_footer_bottom":"","ocean_display_top_bar":"default","ocean_display_header":"default","ocean_header_style":"","ocean_center_header_left_menu":"","ocean_custom_header_template":"","ocean_custom_logo":0,"ocean_custom_retina_logo":0,"ocean_custom_logo_max_width":0,"ocean_custom_logo_tablet_max_width":0,"ocean_custom_logo_mobile_max_width":0,"ocean_custom_logo_max_height":0,"ocean_custom_logo_tablet_max_height":0,"ocean_custom_logo_mobile_max_height":0,"ocean_header_custom_menu":"","ocean_menu_typo_font_family":"","ocean_menu_typo_font_subset":"","ocean_menu_typo_font_size":0,"ocean_menu_typo_font_size_tablet":0,"ocean_menu_typo_font_size_mobile":0,"ocean_menu_typo_font_size_unit":"px","ocean_menu_typo_font_weight":"","ocean_menu_typo_font_weight_tablet":"","ocean_menu_typo_font_weight_mobile":"","ocean_menu_typo_transform":"","ocean_menu_typo_transform_tablet":"","ocean_menu_typo_transform_mobile":"","ocean_menu_typo_line_height":0,"ocean_menu_typo_line_height_tablet":0,"ocean_menu_typo_line_height_mobile":0,"ocean_menu_typo_line_height_unit":"","ocean_menu_typo_spacing":0,"ocean_menu_typo_spacing_tablet":0,"ocean_menu_typo_spacing_mobile":0,"ocean_menu_typo_spacing_unit":"","ocean_menu_link_color":"","ocean_menu_link_color_hover":"","ocean_menu_link_color_active":"","ocean_menu_link_background":"","ocean_menu_link_hover_background":"","ocean_menu_link_active_background":"","ocean_menu_social_links_bg":"","ocean_menu_social_hover_links_bg":"","ocean_menu_social_links_color":"","ocean_menu_social_hover_links_color":"","ocean_disable_title":"default","ocean_disable_heading":"default","ocean_post_title":"","ocean_post_subheading":"","ocean_post_title_style":"","ocean_post_title_background_color":"","ocean_post_title_background":0,"ocean_post_title_bg_image_position":"","ocean_post_title_bg_image_attachment":"","ocean_post_title_bg_image_repeat":"","ocean_post_title_bg_image_size":"","ocean_post_title_height":0,"ocean_post_title_bg_overlay":0.5,"ocean_post_title_bg_overlay_color":"","ocean_disable_breadcrumbs":"default","ocean_breadcrumbs_color":"","ocean_breadcrumbs_separator_color":"","ocean_breadcrumbs_links_color":"","ocean_breadcrumbs_links_hover_color":"","ocean_display_footer_widgets":"default","ocean_display_footer_bottom":"default","ocean_custom_footer_template":"","footnotes":""},"class_list":["post-2029","page","type-page","status-publish","hentry","entry"],"_links":{"self":[{"href":"https:\/\/salcininkaikultura.lt\/pl\/wp-json\/wp\/v2\/pages\/2029","targetHints":{"allow":["GET"]}}],"collection":[{"href":"https:\/\/salcininkaikultura.lt\/pl\/wp-json\/wp\/v2\/pages"}],"about":[{"href":"https:\/\/salcininkaikultura.lt\/pl\/wp-json\/wp\/v2\/types\/page"}],"author":[{"embeddable":true,"href":"https:\/\/salcininkaikultura.lt\/pl\/wp-json\/wp\/v2\/users\/3"}],"replies":[{"embeddable":true,"href":"https:\/\/salcininkaikultura.lt\/pl\/wp-json\/wp\/v2\/comments?post=2029"}],"version-history":[{"count":4,"href":"https:\/\/salcininkaikultura.lt\/pl\/wp-json\/wp\/v2\/pages\/2029\/revisions"}],"predecessor-version":[{"id":4841,"href":"https:\/\/salcininkaikultura.lt\/pl\/wp-json\/wp\/v2\/pages\/2029\/revisions\/4841"}],"wp:attachment":[{"href":"https:\/\/salcininkaikultura.lt\/pl\/wp-json\/wp\/v2\/media?parent=2029"}],"curies":[{"name":"wp","href":"https:\/\/api.w.org\/{rel}","templated":true}]}}