{"id":2139,"date":"2020-10-09T11:19:40","date_gmt":"2020-10-09T11:19:40","guid":{"rendered":"https:\/\/dev.getspace.us\/salcininkaikultura\/?page_id=2139"},"modified":"2021-09-29T06:27:37","modified_gmt":"2021-09-29T06:27:37","slug":"muzeum-malarki-ludowej-anny-krepsztul","status":"publish","type":"page","link":"https:\/\/salcininkaikultura.lt\/pl\/muzeum-malarki-ludowej-anny-krepsztul\/","title":{"rendered":"Muzeum malarki ludowej Anny Krepsztul"},"content":{"rendered":"\t\t<div data-elementor-type=\"wp-page\" data-elementor-id=\"2139\" class=\"elementor elementor-2139\" data-elementor-post-type=\"page\">\n\t\t\t\t\t\t<section class=\"elementor-section elementor-top-section elementor-element elementor-element-baecf61 elementor-section-boxed elementor-section-height-default elementor-section-height-default\" data-id=\"baecf61\" data-element_type=\"section\">\n\t\t\t\t\t\t<div class=\"elementor-container elementor-column-gap-default\">\n\t\t\t\t\t<div class=\"elementor-column elementor-col-100 elementor-top-column elementor-element elementor-element-456c1a9\" data-id=\"456c1a9\" data-element_type=\"column\">\n\t\t\t<div class=\"elementor-widget-wrap elementor-element-populated\">\n\t\t\t\t\t\t<div class=\"elementor-element elementor-element-c75aa20 elementor-widget elementor-widget-heading\" data-id=\"c75aa20\" data-element_type=\"widget\" data-widget_type=\"heading.default\">\n\t\t\t\t<div class=\"elementor-widget-container\">\n\t\t\t\t\t<h2 class=\"elementor-heading-title elementor-size-default\">Muzeum malarki ludowej<br>Anny Krepsztul w Taboryszkach<\/h2>\t\t\t\t<\/div>\n\t\t\t\t<\/div>\n\t\t\t\t\t<\/div>\n\t\t<\/div>\n\t\t\t\t\t<\/div>\n\t\t<\/section>\n\t\t\t\t<section class=\"elementor-section elementor-top-section elementor-element elementor-element-ed52682 elementor-section-boxed elementor-section-height-default elementor-section-height-default\" data-id=\"ed52682\" data-element_type=\"section\">\n\t\t\t\t\t\t<div class=\"elementor-container elementor-column-gap-default\">\n\t\t\t\t\t<div class=\"elementor-column elementor-col-50 elementor-top-column elementor-element elementor-element-f5c81db\" data-id=\"f5c81db\" data-element_type=\"column\">\n\t\t\t<div class=\"elementor-widget-wrap elementor-element-populated\">\n\t\t\t\t\t\t<div class=\"elementor-element elementor-element-73d6a66 elementor-skin-slideshow elementor-arrows-yes elementor-widget elementor-widget-media-carousel\" data-id=\"73d6a66\" data-element_type=\"widget\" data-settings=\"{&quot;space_between&quot;:{&quot;unit&quot;:&quot;px&quot;,&quot;size&quot;:8,&quot;sizes&quot;:[]},&quot;skin&quot;:&quot;slideshow&quot;,&quot;effect&quot;:&quot;slide&quot;,&quot;show_arrows&quot;:&quot;yes&quot;,&quot;speed&quot;:500,&quot;autoplay&quot;:&quot;yes&quot;,&quot;autoplay_speed&quot;:5000,&quot;loop&quot;:&quot;yes&quot;,&quot;pause_on_hover&quot;:&quot;yes&quot;,&quot;pause_on_interaction&quot;:&quot;yes&quot;,&quot;space_between_tablet&quot;:{&quot;unit&quot;:&quot;px&quot;,&quot;size&quot;:10,&quot;sizes&quot;:[]},&quot;space_between_mobile&quot;:{&quot;unit&quot;:&quot;px&quot;,&quot;size&quot;:10,&quot;sizes&quot;:[]}}\" data-widget_type=\"media-carousel.default\">\n\t\t\t\t<div class=\"elementor-widget-container\">\n\t\t\t\t\t\t\t\t\t<div class=\"elementor-swiper\">\n\t\t\t\t\t<div class=\"elementor-main-swiper swiper\" role=\"region\" aria-roledescription=\"carousel\" aria-label=\"Slajdy\">\n\t\t\t\t<div class=\"swiper-wrapper\">\n\t\t\t\t\t\t\t\t\t\t\t<div class=\"swiper-slide\" role=\"group\" aria-roledescription=\"slide\">\n\t\t\t\t\t\t\t\t\t<div class=\"elementor-carousel-image\" role=\"img\" aria-label=\"1\" style=\"background-image: url(&#039;https:\/\/salcininkaikultura.lt\/wp-content\/uploads\/2020\/10\/1.jpg&#039;)\">\n\n\t\t\t\n\t\t\t\t\t<\/div>\n\t\t\t\t\t\t\t\t<\/div>\n\t\t\t\t\t\t\t\t\t\t\t<div class=\"swiper-slide\" role=\"group\" aria-roledescription=\"slide\">\n\t\t\t\t\t\t\t\t\t<div class=\"elementor-carousel-image\" role=\"img\" aria-label=\"IMG_6376\" style=\"background-image: url(&#039;https:\/\/salcininkaikultura.lt\/wp-content\/uploads\/2020\/10\/IMG_6376.jpg&#039;)\">\n\n\t\t\t\n\t\t\t\t\t<\/div>\n\t\t\t\t\t\t\t\t<\/div>\n\t\t\t\t\t\t\t\t\t\t\t<div class=\"swiper-slide\" role=\"group\" aria-roledescription=\"slide\">\n\t\t\t\t\t\t\t\t\t<div class=\"elementor-carousel-image\" role=\"img\" aria-label=\"Anna Krepsztul\" style=\"background-image: url(&#039;https:\/\/salcininkaikultura.lt\/wp-content\/uploads\/2020\/10\/Anna-Krepsztul.jpg&#039;)\">\n\n\t\t\t\n\t\t\t\t\t<\/div>\n\t\t\t\t\t\t\t\t<\/div>\n\t\t\t\t\t\t\t\t\t\t\t<div class=\"swiper-slide\" role=\"group\" aria-roledescription=\"slide\">\n\t\t\t\t\t\t\t\t\t<div class=\"elementor-carousel-image\" role=\"img\" aria-label=\"3\" style=\"background-image: url(&#039;https:\/\/salcininkaikultura.lt\/wp-content\/uploads\/2020\/10\/3.jpg&#039;)\">\n\n\t\t\t\n\t\t\t\t\t<\/div>\n\t\t\t\t\t\t\t\t<\/div>\n\t\t\t\t\t\t\t\t\t\t\t<div class=\"swiper-slide\" role=\"group\" aria-roledescription=\"slide\">\n\t\t\t\t\t\t\t\t\t<div class=\"elementor-carousel-image\" role=\"img\" aria-label=\"krepstul5-49339\" style=\"background-image: url(&#039;https:\/\/salcininkaikultura.lt\/wp-content\/uploads\/2020\/10\/krepstul5-49339.jpg&#039;)\">\n\n\t\t\t\n\t\t\t\t\t<\/div>\n\t\t\t\t\t\t\t\t<\/div>\n\t\t\t\t\t\t\t\t\t\t\t<div class=\"swiper-slide\" role=\"group\" aria-roledescription=\"slide\">\n\t\t\t\t\t\t\t\t\t<div class=\"elementor-carousel-image\" role=\"img\" aria-label=\"krepstul-3-49337\" style=\"background-image: url(&#039;https:\/\/salcininkaikultura.lt\/wp-content\/uploads\/2020\/10\/krepstul-3-49337.jpg&#039;)\">\n\n\t\t\t\n\t\t\t\t\t<\/div>\n\t\t\t\t\t\t\t\t<\/div>\n\t\t\t\t\t\t\t\t\t<\/div>\n\t\t\t\t\t\t\t\t\t\t\t\t\t\t\t<div class=\"elementor-swiper-button elementor-swiper-button-prev\" role=\"button\" tabindex=\"0\" aria-label=\"Poprzedni\">\n\t\t\t\t\t\t\t<i aria-hidden=\"true\" class=\"eicon-chevron-left\"><\/i>\t\t\t\t\t\t<\/div>\n\t\t\t\t\t\t<div class=\"elementor-swiper-button elementor-swiper-button-next\" role=\"button\" tabindex=\"0\" aria-label=\"Nast\u0119pny\">\n\t\t\t\t\t\t\t<i aria-hidden=\"true\" class=\"eicon-chevron-right\"><\/i>\t\t\t\t\t\t<\/div>\n\t\t\t\t\t\t\t\t\t\t\t\t\t\t\t\t\t<\/div>\n\t\t\t\t<\/div>\n\t\t\t\t\t\t\t\t<div class=\"elementor-swiper\">\n\t\t\t\t\t<div class=\"elementor-main-swiper swiper elementor-thumbnails-swiper swiper\" role=\"region region\" aria-roledescription=\"carousel carousel\" aria-label=\"Slajdy Slajdy\">\n\t\t\t\t<div class=\"swiper-wrapper\">\n\t\t\t\t\t\t\t\t\t\t\t<div class=\"swiper-slide\" role=\"group\" aria-roledescription=\"slide\">\n\t\t\t\t\t\t\t\t\t<div class=\"elementor-carousel-image\" role=\"img\" aria-label=\"1\" style=\"background-image: url(&#039;https:\/\/salcininkaikultura.lt\/wp-content\/uploads\/2020\/10\/1.jpg&#039;)\">\n\n\t\t\t\n\t\t\t\t\t<\/div>\n\t\t\t\t\t\t\t\t<\/div>\n\t\t\t\t\t\t\t\t\t\t\t<div class=\"swiper-slide\" role=\"group\" aria-roledescription=\"slide\">\n\t\t\t\t\t\t\t\t\t<div class=\"elementor-carousel-image\" role=\"img\" aria-label=\"IMG_6376\" style=\"background-image: url(&#039;https:\/\/salcininkaikultura.lt\/wp-content\/uploads\/2020\/10\/IMG_6376.jpg&#039;)\">\n\n\t\t\t\n\t\t\t\t\t<\/div>\n\t\t\t\t\t\t\t\t<\/div>\n\t\t\t\t\t\t\t\t\t\t\t<div class=\"swiper-slide\" role=\"group\" aria-roledescription=\"slide\">\n\t\t\t\t\t\t\t\t\t<div class=\"elementor-carousel-image\" role=\"img\" aria-label=\"Anna Krepsztul\" style=\"background-image: url(&#039;https:\/\/salcininkaikultura.lt\/wp-content\/uploads\/2020\/10\/Anna-Krepsztul.jpg&#039;)\">\n\n\t\t\t\n\t\t\t\t\t<\/div>\n\t\t\t\t\t\t\t\t<\/div>\n\t\t\t\t\t\t\t\t\t\t\t<div class=\"swiper-slide\" role=\"group\" aria-roledescription=\"slide\">\n\t\t\t\t\t\t\t\t\t<div class=\"elementor-carousel-image\" role=\"img\" aria-label=\"3\" style=\"background-image: url(&#039;https:\/\/salcininkaikultura.lt\/wp-content\/uploads\/2020\/10\/3.jpg&#039;)\">\n\n\t\t\t\n\t\t\t\t\t<\/div>\n\t\t\t\t\t\t\t\t<\/div>\n\t\t\t\t\t\t\t\t\t\t\t<div class=\"swiper-slide\" role=\"group\" aria-roledescription=\"slide\">\n\t\t\t\t\t\t\t\t\t<div class=\"elementor-carousel-image\" role=\"img\" aria-label=\"krepstul5-49339\" style=\"background-image: url(&#039;https:\/\/salcininkaikultura.lt\/wp-content\/uploads\/2020\/10\/krepstul5-49339.jpg&#039;)\">\n\n\t\t\t\n\t\t\t\t\t<\/div>\n\t\t\t\t\t\t\t\t<\/div>\n\t\t\t\t\t\t\t\t\t\t\t<div class=\"swiper-slide\" role=\"group\" aria-roledescription=\"slide\">\n\t\t\t\t\t\t\t\t\t<div class=\"elementor-carousel-image\" role=\"img\" aria-label=\"krepstul-3-49337\" style=\"background-image: url(&#039;https:\/\/salcininkaikultura.lt\/wp-content\/uploads\/2020\/10\/krepstul-3-49337.jpg&#039;)\">\n\n\t\t\t\n\t\t\t\t\t<\/div>\n\t\t\t\t\t\t\t\t<\/div>\n\t\t\t\t\t\t\t\t\t<\/div>\n\t\t\t\t\t\t\t\t\t\t\t\t\t\t\t\t\t\t\t\t\t<\/div>\n\t\t\t\t<\/div>\n\t\t\t\t\t\t\t\t<\/div>\n\t\t\t\t<\/div>\n\t\t\t\t\t<\/div>\n\t\t<\/div>\n\t\t\t\t<div class=\"elementor-column elementor-col-50 elementor-top-column elementor-element elementor-element-7c2686c\" data-id=\"7c2686c\" data-element_type=\"column\">\n\t\t\t<div class=\"elementor-widget-wrap elementor-element-populated\">\n\t\t\t\t\t\t<div class=\"elementor-element elementor-element-3e0eb4e elementor-widget elementor-widget-text-editor\" data-id=\"3e0eb4e\" data-element_type=\"widget\" data-widget_type=\"text-editor.default\">\n\t\t\t\t<div class=\"elementor-widget-container\">\n\t\t\t\t\t\t\t\t\t<p>\u00a0 \u00a0 \u00a0 \u00a0 \u00a0 \u00a0Muzeum A. Krepsztul w Taboryszkach\u00a0 powsta\u0142o w roku 2008. Pomys\u0142 Henryka Danulewicza utworzenia w Taborych miejsca pami\u0119ci o Annie Krepsztul popar\u0142 Samorz\u0105d Solecznicki, siostra malarki Danuta Mo\u0142oczko, spo\u0142eczno\u015b\u0107 Taboryszek. W przeci\u0105gu dw\u00f3ch lat w budynku Taboryszskiej Szko\u0142y podstawowej wyremontowano i przeznaczono celom ekspozycyjnym trzy sale. Wsalach wystawowych rozmieszczono ponad pi\u0119dziesi\u0105t obraz\u00f3w, prace rysunkowe, tkaniny artystyczne, r\u0119kodzie\u0142o ludowe. Zgromadzono zdj\u0119cia rodzinne, filmoteka o Annie Krepsztul. Zosta\u0142 odtworzony pok\u00f3j sypialny malarki. Jej r\u0119cznie stworzone dywani upiekszaj\u0105 pomieszczenia, podobnie tak, jak by\u0142o w jej domu.\u00a0<\/p><p>\u00a0\u00a0 Muzeum odwiedza wiele ludzi. Sa to wycieczki z Litwy, Polski, Niemiec i innych krajow Europy. W ci\u0105gu roku muzeum odwiedza oko\u0142o 70 \u2013ciu wycieczek. Odwiedzali te\u017c obywatele Kanady, tam, gdzie znajduje sie najwiekszy obraz Anny w kanadyjskim Wilnie. Jest to obraz Jezusa Milosiernego o wymiarach 2,25x 1,15m . Poswieci\u0142 go papie\u017c Jan Pawel drugi.<\/p><p>\u00a0<\/p>\t\t\t\t\t\t\t\t<\/div>\n\t\t\t\t<\/div>\n\t\t\t\t\t<\/div>\n\t\t<\/div>\n\t\t\t\t\t<\/div>\n\t\t<\/section>\n\t\t\t\t<section class=\"elementor-section elementor-top-section elementor-element elementor-element-29064ec elementor-section-boxed elementor-section-height-default elementor-section-height-default\" data-id=\"29064ec\" data-element_type=\"section\">\n\t\t\t\t\t\t<div class=\"elementor-container elementor-column-gap-default\">\n\t\t\t\t\t<div class=\"elementor-column elementor-col-100 elementor-top-column elementor-element elementor-element-f414cbc\" data-id=\"f414cbc\" data-element_type=\"column\">\n\t\t\t<div class=\"elementor-widget-wrap elementor-element-populated\">\n\t\t\t\t\t\t<div class=\"elementor-element elementor-element-a4921cf elementor-widget elementor-widget-text-editor\" data-id=\"a4921cf\" data-element_type=\"widget\" data-widget_type=\"text-editor.default\">\n\t\t\t\t<div class=\"elementor-widget-container\">\n\t\t\t\t\t\t\t\t\t<p>\u00a0 \u00a0 \u00a0 \u00a0 \u00a0 \u00a0 \u00a0 Opr\u00f3cz wycieczek, w muzeum odbywaja sie coroczne\u00a0 plenery, wystawy, uroczysto\u015bci. Najbardziej uroczyscie odbywaj\u0105 si\u0119 imprezy, poswiecone\u00a0 Dniu\u00a0 urodzin i Dnia Imienin malarki.Stale poszerza sie zapas materia\u0142\u00f3w o \u017cyciu i tworczo\u015bci A. Krepsztul.<\/p>\t\t\t\t\t\t\t\t<\/div>\n\t\t\t\t<\/div>\n\t\t\t\t\t<\/div>\n\t\t<\/div>\n\t\t\t\t\t<\/div>\n\t\t<\/section>\n\t\t\t\t<section class=\"elementor-section elementor-top-section elementor-element elementor-element-afcfccf elementor-section-boxed elementor-section-height-default elementor-section-height-default\" data-id=\"afcfccf\" data-element_type=\"section\">\n\t\t\t\t\t\t<div class=\"elementor-container elementor-column-gap-default\">\n\t\t\t\t\t<div class=\"elementor-column elementor-col-100 elementor-top-column elementor-element elementor-element-5e2e9e8\" data-id=\"5e2e9e8\" data-element_type=\"column\">\n\t\t\t<div class=\"elementor-widget-wrap elementor-element-populated\">\n\t\t\t\t\t\t<div class=\"elementor-element elementor-element-5beb3ef elementor-widget elementor-widget-heading\" data-id=\"5beb3ef\" data-element_type=\"widget\" data-widget_type=\"heading.default\">\n\t\t\t\t<div class=\"elementor-widget-container\">\n\t\t\t\t\t<h2 class=\"elementor-heading-title elementor-size-default\">O Annie Krepsztul<\/h2>\t\t\t\t<\/div>\n\t\t\t\t<\/div>\n\t\t\t\t\t<\/div>\n\t\t<\/div>\n\t\t\t\t\t<\/div>\n\t\t<\/section>\n\t\t\t\t<section class=\"elementor-section elementor-top-section elementor-element elementor-element-ca916a7 elementor-section-boxed elementor-section-height-default elementor-section-height-default\" data-id=\"ca916a7\" data-element_type=\"section\">\n\t\t\t\t\t\t<div class=\"elementor-container elementor-column-gap-default\">\n\t\t\t\t\t<div class=\"elementor-column elementor-col-100 elementor-top-column elementor-element elementor-element-ec0a6af\" data-id=\"ec0a6af\" data-element_type=\"column\">\n\t\t\t<div class=\"elementor-widget-wrap elementor-element-populated\">\n\t\t\t\t\t\t<div class=\"elementor-element elementor-element-12fcb66 elementor-widget elementor-widget-image\" data-id=\"12fcb66\" data-element_type=\"widget\" data-widget_type=\"image.default\">\n\t\t\t\t<div class=\"elementor-widget-container\">\n\t\t\t\t\t\t\t\t\t\t\t\t\t\t\t<img fetchpriority=\"high\" decoding=\"async\" width=\"225\" height=\"300\" src=\"https:\/\/salcininkaikultura.lt\/wp-content\/uploads\/2020\/10\/94753478_268857060829559_8546533225919414272_n-225x300.jpg\" class=\"attachment-medium size-medium wp-image-2161\" alt=\"\" srcset=\"https:\/\/salcininkaikultura.lt\/wp-content\/uploads\/2020\/10\/94753478_268857060829559_8546533225919414272_n-225x300.jpg 225w, https:\/\/salcininkaikultura.lt\/wp-content\/uploads\/2020\/10\/94753478_268857060829559_8546533225919414272_n.jpg 674w\" sizes=\"(max-width: 225px) 100vw, 225px\" \/>\t\t\t\t\t\t\t\t\t\t\t\t\t\t\t<\/div>\n\t\t\t\t<\/div>\n\t\t\t\t\t<\/div>\n\t\t<\/div>\n\t\t\t\t\t<\/div>\n\t\t<\/section>\n\t\t\t\t<section class=\"elementor-section elementor-top-section elementor-element elementor-element-c9e8bc9 elementor-section-boxed elementor-section-height-default elementor-section-height-default\" data-id=\"c9e8bc9\" data-element_type=\"section\">\n\t\t\t\t\t\t<div class=\"elementor-container elementor-column-gap-default\">\n\t\t\t\t\t<div class=\"elementor-column elementor-col-100 elementor-top-column elementor-element elementor-element-a02dfe6\" data-id=\"a02dfe6\" data-element_type=\"column\">\n\t\t\t<div class=\"elementor-widget-wrap elementor-element-populated\">\n\t\t\t\t\t\t<div class=\"elementor-element elementor-element-07c814d elementor-widget elementor-widget-text-editor\" data-id=\"07c814d\" data-element_type=\"widget\" data-widget_type=\"text-editor.default\">\n\t\t\t\t<div class=\"elementor-widget-container\">\n\t\t\t\t\t\t\t\t\t<p>\u00a0 \u00a0 \u00a0 \u00a0 \u00a0 \u00a0 \u00a0Anna Krepsztul urodzi\u0142a si\u0119 20 lutego 1932 roku we wsi Taboryszki po\u0142o\u017conej w rejonie solecznickim, w rodzinie Stanis\u0142awa i J\u00f3zefy z Or\u0142owskich. Od najm\u0142odszych lat, Anna zdradza\u0142a talent i zami\u0142owanie do sztuk plastycznych. Wspiera\u0142 j\u0105 i udzieli\u0142 pierwszych lekcji rysunku ojciec, kt\u00f3ry pasjonowa\u0142 si\u0119 rze\u017ab\u0105, technik\u0105. Sam zbudowa\u0142 dom oraz samoch\u00f3d. T\u0119 tw\u00f3rcz\u0105 atmosfer\u0119 uzupe\u0142nia\u0142a ciep\u0142a i kochaj\u0105ca matka. Dba\u0142a o dzieci, m\u0119\u017ca, dom oraz kocha\u0142a literatur\u0119 i pisa\u0142a pi\u0119kne listy.<\/p><p>\u00a0 \u00a0 \u00a0 \u00a0 \u00a0 \u00a0 \u00a0Wydawa\u0142o si\u0119, \u017ce ma\u0142a Hania i jej rodze\u0144stwo s\u0105 ukryci w cudownym \u015bwiecie rodzinnym. Ten obraz zburzy\u0142a choroba 10-letniej dziewczynki. To by\u0142 pocz\u0105tek d\u0142ugich zmaga\u0144 z osteoporoz\u0105 i gru\u017alic\u0105 ko\u015bci. Sztuka i malarstwo pozwoli\u0142y jej godnie do ko\u0144ca walczy\u0107 ze s\u0142abo\u015bci\u0105 i niewol\u0105 na w\u00f3zku inwalidzkim (od 1978 roku). D\u0142ugie godziny le\u017cenia, b\u00f3lu, ci\u0105g\u0142ego oczekiwania \u201ezamieni\u0142a\u201c na pi\u0119kne obrazy. Jej tw\u00f3rczo\u015b\u0107 by\u0142a ucieczk\u0105 od 77 z\u0142ama\u0144, lotem ku wolno\u015bci. Ka\u017cdy jej pejza\u017c, portret, martwa natura, kwiaty, koty, ka\u017cda Matka Boska s\u0105 opowie\u015bciami o tym, co wa\u017cne. Malarstwo jej jest \u017cywe, przesycone barw\u0105 i \u015bwiat\u0142em.<\/p><p>\u00a0 \u00a0 \u00a0 \u00a0 \u00a0 \u00a0 \u00a0Wa\u017cne miejsce w jej tw\u00f3rczo\u015bci zajmowa\u0142 zachwyt nad przyrod\u0105 rodzinnych Taboryszek. \u0179r\u00f3d\u0142o Mereczanki, blask wody w stawach, kwiaty z p\u00f3l zosta\u0142y przeniesione i utrwalone na p\u0142\u00f3tnie farb\u0105 i haftem . Blisko\u015b\u0107 z natur\u0105, prostota i pogoda \u017cycia mimo przeciwno\u015bci losu, sprawi\u0142y, \u017ce Jej \u017cycie by\u0142o wznios\u0142e i godne na\u015bladowania. Kopie obrazu Matki Boskiej Ostrobramskiej, portrety \u015bwi\u0119tych, przydro\u017cne i cmentarne krzy\u017ce &#8211;\u00a0 to motywy pozwalaj\u0105ce Jej osi\u0105gn\u0105\u0107 duchow\u0105 harmoni\u0119 po\u015br\u00f3d bolesnych do\u015bwiadcze\u0144.<\/p><p>\u00a0 \u00a0 \u00a0 \u00a0 \u00a0 \u00a0 Wielu ludzi kocha\u0142o Pani\u0119 Ann\u0119 za jej pogod\u0119, \u017cyczliwo\u015b\u0107, mi\u0142o\u015b\u0107 do Boga i rodziny. Wielu uczy\u0142o si\u0119 patriotyzmu, uczciwo\u015bci i empatii. Wielu zna\u0142o i ceni\u0142o jej tw\u00f3rczo\u015b\u0107.<\/p><p>\u00a0 \u00a0 \u00a0 \u00a0 \u00a0 \u00a0 \u00a0Pierwsza wystawa 16-letniej Anny Krepsztul odby\u0142a si\u0119 w 1948 roku w Wilnie. Nast\u0119pn\u0105 zorganizowano dopiero w 1985 roku. W\u00f3wczas Stowarzyszenie Tw\u00f3rc\u00f3w Ludowych przyzna\u0142o jej honorowy tytu\u0142 malarki ludowej. W 1987 roku czeka\u0142a i haftowa\u0142a Matk\u0119 Bosk\u0105 Bolesn\u0105\u00a0\u00a0 na przyjazd Jana Paw\u0142a\u00a0 na Litw\u0119 i doczeka\u0142a si\u0119. Nie dosz\u0142o jednak do zaplanowanego spotkania, bo choroba znowu pokaza\u0142a swe okrutne oblicze \u2013 p\u0119kni\u0119cie w kr\u0119gos\u0142upie. Spotkanie to pozosta\u0142o tylko marzeniem. Jej obraz Matki Boskiej Bolesnej\u00a0\u00a0 zosta\u0142 wr\u0119czony Papie\u017cowi Janowi Paw\u0142owi II, za kt\u00f3ry artystka otrzyma\u0142a list z podzi\u0119kowaniem i b\u0142ogos\u0142awie\u0144stwem papie\u017ca.<\/p><p>\u00a0 \u00a0 \u00a0 \u00a0 \u00a0 \u00a0 \u00a0Przez ca\u0142e swoje \u017cycie\u00a0 Anna namalowa\u0142a ponad 3 i p\u00f3\u0142 tysi\u0105ca obraz\u00f3w, kt\u00f3re s\u0105 dzi\u015b w prywatnych kolekcjach i galeriach, mi\u0119dzy innymi w Polsce, Litwie, USA, Anglii, Niemczech, Francji, Australii, Kanadzie, w Watykanie oraz zdobi\u0105 \u015bciany wielu ko\u015bcio\u0142\u00f3w.\u00a0\u00a0<\/p><p>\u00a0 \u00a0 \u00a0 \u00a0 \u00a0 \u00a0 \u00a0W 2005 roku decyzj\u0105 Rady Samorz\u0105du Rejonu Solecznickiego Anna Krepsztul zosta\u0142a Honorowym Obywatelem Rejonu Solecznickiego.15 lutego 2008 r. otrzyma\u0142a po\u015bmiertnie od Prezydenta Rzeczypospolitej Polskiej Lecha Kaczy\u0144skiego &#8211; Krzy\u017c Oficerski Orderu Odrodzenia Polski.<\/p><p>\u00a0 \u00a0 \u00a0 \u00a0 \u00a0 \u00a0 \u00a0Od pocz\u0105tku do ostatnich chwil by\u0142a zwi\u0105zana z lud\u017ami: rodzicami, bratem Henrykiem, siostr\u0105 Danut\u0105, duchownymi, przyjaci\u00f3\u0142mi, lekarzami, dziennikarzami, politykami. Wszyscy je\u017adzili do Taboryszek, by si\u0119 z Ni\u0105 spotka\u0107, by us\u0142ysze\u0107 dobre s\u0142owo, by nasycic si\u0119 obrazami Ostrobramskiej Pani, wile\u0144skiej ziemi, twarzami zamy\u015blonych ludzi.<\/p><p>\u00a0 \u00a0 \u00a0 \u00a0 \u00a0 \u00a0 \u00a0 Czekaj\u0105c na przyjaci\u00f3\u0142, odesz\u0142a 12 pa\u017adziernika 2007 roku Ambasadorka Ziemi Wile\u0144skiej. Teraz czeka na ludzi na taboryskim cmentarzu,\u00a0 by j\u0105 odwiedzi\u0107 i pok\u0142oni\u0107 sie jej, szukajcie napisu Nadworna Malarka Ostrobramskiej.<\/p><p>\u00a0 \u00a0 \u00a0 \u00a0 \u00a0 \u00a0 \u00a0 Od powstania muzeum do maja 2021 r. kierownikiem muzem by\u0142a\u00a0<span style=\"font-family: Verdana, Geneva, sans-serif; font-size: 14px; font-style: normal; font-variant-ligatures: normal; font-variant-caps: normal; font-weight: 400;\">siostra malarki Danuta Mo\u0142oczko.<\/span><\/p>\t\t\t\t\t\t\t\t<\/div>\n\t\t\t\t<\/div>\n\t\t\t\t\t<\/div>\n\t\t<\/div>\n\t\t\t\t\t<\/div>\n\t\t<\/section>\n\t\t\t\t<section class=\"elementor-section elementor-top-section elementor-element elementor-element-0d67a39 elementor-section-boxed elementor-section-height-default elementor-section-height-default\" data-id=\"0d67a39\" data-element_type=\"section\">\n\t\t\t\t\t\t<div class=\"elementor-container elementor-column-gap-default\">\n\t\t\t\t\t<div class=\"elementor-column elementor-col-100 elementor-top-column elementor-element elementor-element-3f0b254\" data-id=\"3f0b254\" data-element_type=\"column\">\n\t\t\t<div class=\"elementor-widget-wrap elementor-element-populated\">\n\t\t\t\t\t\t<div class=\"elementor-element elementor-element-b3012f0 elementor-widget elementor-widget-video\" data-id=\"b3012f0\" data-element_type=\"widget\" data-settings=\"{&quot;youtube_url&quot;:&quot;https:\\\/\\\/www.youtube.com\\\/watch?v=-l7zqnjmrGM&quot;,&quot;video_type&quot;:&quot;youtube&quot;,&quot;controls&quot;:&quot;yes&quot;}\" data-widget_type=\"video.default\">\n\t\t\t\t<div class=\"elementor-widget-container\">\n\t\t\t\t\t\t\t<div class=\"elementor-wrapper elementor-open-inline\">\n\t\t\t<div class=\"elementor-video\"><\/div>\t\t<\/div>\n\t\t\t\t\t\t<\/div>\n\t\t\t\t<\/div>\n\t\t\t\t\t<\/div>\n\t\t<\/div>\n\t\t\t\t\t<\/div>\n\t\t<\/section>\n\t\t\t\t<section class=\"elementor-section elementor-top-section elementor-element elementor-element-cf0b3ed elementor-section-boxed elementor-section-height-default elementor-section-height-default\" data-id=\"cf0b3ed\" data-element_type=\"section\">\n\t\t\t\t\t\t<div class=\"elementor-container elementor-column-gap-default\">\n\t\t\t\t\t<div class=\"elementor-column elementor-col-50 elementor-top-column elementor-element elementor-element-434edb1\" data-id=\"434edb1\" data-element_type=\"column\">\n\t\t\t<div class=\"elementor-widget-wrap elementor-element-populated\">\n\t\t\t\t\t\t<div class=\"elementor-element elementor-element-799f5c1 elementor-widget elementor-widget-video\" data-id=\"799f5c1\" data-element_type=\"widget\" data-settings=\"{&quot;youtube_url&quot;:&quot;https:\\\/\\\/www.youtube.com\\\/watch?v=ITrhelOHhW0&amp;t=48s&quot;,&quot;video_type&quot;:&quot;youtube&quot;,&quot;controls&quot;:&quot;yes&quot;}\" data-widget_type=\"video.default\">\n\t\t\t\t<div class=\"elementor-widget-container\">\n\t\t\t\t\t\t\t<div class=\"elementor-wrapper elementor-open-inline\">\n\t\t\t<div class=\"elementor-video\"><\/div>\t\t<\/div>\n\t\t\t\t\t\t<\/div>\n\t\t\t\t<\/div>\n\t\t\t\t\t<\/div>\n\t\t<\/div>\n\t\t\t\t<div class=\"elementor-column elementor-col-50 elementor-top-column elementor-element elementor-element-36dd177\" data-id=\"36dd177\" data-element_type=\"column\">\n\t\t\t<div class=\"elementor-widget-wrap elementor-element-populated\">\n\t\t\t\t\t\t<div class=\"elementor-element elementor-element-b70a6df elementor-widget elementor-widget-video\" data-id=\"b70a6df\" data-element_type=\"widget\" data-settings=\"{&quot;youtube_url&quot;:&quot;https:\\\/\\\/www.youtube.com\\\/watch?v=LQGZUMorFcY&amp;t=10s&quot;,&quot;video_type&quot;:&quot;youtube&quot;,&quot;controls&quot;:&quot;yes&quot;}\" data-widget_type=\"video.default\">\n\t\t\t\t<div class=\"elementor-widget-container\">\n\t\t\t\t\t\t\t<div class=\"elementor-wrapper elementor-open-inline\">\n\t\t\t<div class=\"elementor-video\"><\/div>\t\t<\/div>\n\t\t\t\t\t\t<\/div>\n\t\t\t\t<\/div>\n\t\t\t\t\t<\/div>\n\t\t<\/div>\n\t\t\t\t\t<\/div>\n\t\t<\/section>\n\t\t\t\t<section class=\"elementor-section elementor-top-section elementor-element elementor-element-6436135 elementor-section-boxed elementor-section-height-default elementor-section-height-default\" data-id=\"6436135\" data-element_type=\"section\">\n\t\t\t\t\t\t<div class=\"elementor-container elementor-column-gap-default\">\n\t\t\t\t\t<div class=\"elementor-column elementor-col-50 elementor-top-column elementor-element elementor-element-5134590\" data-id=\"5134590\" data-element_type=\"column\">\n\t\t\t<div class=\"elementor-widget-wrap elementor-element-populated\">\n\t\t\t\t\t\t<div class=\"elementor-element elementor-element-93566ce elementor-widget elementor-widget-video\" data-id=\"93566ce\" data-element_type=\"widget\" data-settings=\"{&quot;youtube_url&quot;:&quot;https:\\\/\\\/www.youtube.com\\\/watch?v=ob0CtAF3n3k&amp;list=PLMv9zTUYosit675JQYRGgm38wdOZvN8Do&quot;,&quot;video_type&quot;:&quot;youtube&quot;,&quot;controls&quot;:&quot;yes&quot;}\" data-widget_type=\"video.default\">\n\t\t\t\t<div class=\"elementor-widget-container\">\n\t\t\t\t\t\t\t<div class=\"elementor-wrapper elementor-open-inline\">\n\t\t\t<div class=\"elementor-video\"><\/div>\t\t<\/div>\n\t\t\t\t\t\t<\/div>\n\t\t\t\t<\/div>\n\t\t\t\t\t<\/div>\n\t\t<\/div>\n\t\t\t\t<div class=\"elementor-column elementor-col-50 elementor-top-column elementor-element elementor-element-298be11\" data-id=\"298be11\" data-element_type=\"column\">\n\t\t\t<div class=\"elementor-widget-wrap elementor-element-populated\">\n\t\t\t\t\t\t<div class=\"elementor-element elementor-element-1401d95 elementor-widget elementor-widget-video\" data-id=\"1401d95\" data-element_type=\"widget\" data-settings=\"{&quot;youtube_url&quot;:&quot;https:\\\/\\\/www.youtube.com\\\/watch?v=XE86dFhcWNc&quot;,&quot;video_type&quot;:&quot;youtube&quot;,&quot;controls&quot;:&quot;yes&quot;}\" data-widget_type=\"video.default\">\n\t\t\t\t<div class=\"elementor-widget-container\">\n\t\t\t\t\t\t\t<div class=\"elementor-wrapper elementor-open-inline\">\n\t\t\t<div class=\"elementor-video\"><\/div>\t\t<\/div>\n\t\t\t\t\t\t<\/div>\n\t\t\t\t<\/div>\n\t\t\t\t\t<\/div>\n\t\t<\/div>\n\t\t\t\t\t<\/div>\n\t\t<\/section>\n\t\t\t\t<section class=\"elementor-section elementor-top-section elementor-element elementor-element-0454910 elementor-section-boxed elementor-section-height-default elementor-section-height-default\" data-id=\"0454910\" data-element_type=\"section\">\n\t\t\t\t\t\t<div class=\"elementor-container elementor-column-gap-default\">\n\t\t\t\t\t<div class=\"elementor-column elementor-col-50 elementor-top-column elementor-element elementor-element-453820a\" data-id=\"453820a\" data-element_type=\"column\">\n\t\t\t<div class=\"elementor-widget-wrap elementor-element-populated\">\n\t\t\t\t\t\t<div class=\"elementor-element elementor-element-3c0f7a5 elementor-widget elementor-widget-video\" data-id=\"3c0f7a5\" data-element_type=\"widget\" data-settings=\"{&quot;youtube_url&quot;:&quot;https:\\\/\\\/www.youtube.com\\\/watch?v=GmYbYTdIYsg&quot;,&quot;video_type&quot;:&quot;youtube&quot;,&quot;controls&quot;:&quot;yes&quot;}\" data-widget_type=\"video.default\">\n\t\t\t\t<div class=\"elementor-widget-container\">\n\t\t\t\t\t\t\t<div class=\"elementor-wrapper elementor-open-inline\">\n\t\t\t<div class=\"elementor-video\"><\/div>\t\t<\/div>\n\t\t\t\t\t\t<\/div>\n\t\t\t\t<\/div>\n\t\t\t\t\t<\/div>\n\t\t<\/div>\n\t\t\t\t<div class=\"elementor-column elementor-col-50 elementor-top-column elementor-element elementor-element-53dcd02\" data-id=\"53dcd02\" data-element_type=\"column\">\n\t\t\t<div class=\"elementor-widget-wrap elementor-element-populated\">\n\t\t\t\t\t\t<div class=\"elementor-element elementor-element-87cfd7d elementor-widget elementor-widget-video\" data-id=\"87cfd7d\" data-element_type=\"widget\" data-settings=\"{&quot;youtube_url&quot;:&quot;https:\\\/\\\/www.youtube.com\\\/watch?v=5fkK6MV8oAA&quot;,&quot;video_type&quot;:&quot;youtube&quot;,&quot;controls&quot;:&quot;yes&quot;}\" data-widget_type=\"video.default\">\n\t\t\t\t<div class=\"elementor-widget-container\">\n\t\t\t\t\t\t\t<div class=\"elementor-wrapper elementor-open-inline\">\n\t\t\t<div class=\"elementor-video\"><\/div>\t\t<\/div>\n\t\t\t\t\t\t<\/div>\n\t\t\t\t<\/div>\n\t\t\t\t\t<\/div>\n\t\t<\/div>\n\t\t\t\t\t<\/div>\n\t\t<\/section>\n\t\t\t\t<section class=\"elementor-section elementor-top-section elementor-element elementor-element-cb07c20 elementor-section-boxed elementor-section-height-default elementor-section-height-default\" data-id=\"cb07c20\" data-element_type=\"section\">\n\t\t\t\t\t\t<div class=\"elementor-container elementor-column-gap-default\">\n\t\t\t\t\t<div class=\"elementor-column elementor-col-100 elementor-top-column elementor-element elementor-element-5a0846b\" data-id=\"5a0846b\" data-element_type=\"column\">\n\t\t\t<div class=\"elementor-widget-wrap elementor-element-populated\">\n\t\t\t\t\t\t<div class=\"elementor-element elementor-element-50c67d8 elementor-widget elementor-widget-text-editor\" data-id=\"50c67d8\" data-element_type=\"widget\" data-widget_type=\"text-editor.default\">\n\t\t\t\t<div class=\"elementor-widget-container\">\n\t\t\t\t\t\t\t\t\t<p><strong>Kierownik<\/strong> muzeum Alina Mo\u0142oczko<\/p><p><strong>Adres: <\/strong>ul. Mokyklos 7; Taboryszki<br \/><span style=\"color: #333399;\">tel. +37063916455<\/span><br \/>e-mail.: <span style=\"color: #333399;\">a.krepstulmuziejus@salcininkaikultura.lt<\/span><\/p>\t\t\t\t\t\t\t\t<\/div>\n\t\t\t\t<\/div>\n\t\t\t\t\t<\/div>\n\t\t<\/div>\n\t\t\t\t\t<\/div>\n\t\t<\/section>\n\t\t\t\t<\/div>\n\t\t","protected":false},"excerpt":{"rendered":"<p>Muzeum malarki ludowejAnny Krepsztul w Taboryszkach Previous Next \u00a0 \u00a0 \u00a0 \u00a0 \u00a0 \u00a0Muzeum A. Krepsztul w Taboryszkach\u00a0 powsta\u0142o w roku 2008. Pomys\u0142 Henryka Danulewicza utworzenia w Taborych miejsca pami\u0119ci o Annie Krepsztul popar\u0142 Samorz\u0105d Solecznicki, siostra malarki Danuta Mo\u0142oczko, spo\u0142eczno\u015b\u0107 Taboryszek. W przeci\u0105gu dw\u00f3ch lat w budynku Taboryszskiej Szko\u0142y podstawowej wyremontowano i przeznaczono celom [&hellip;]<\/p>\n","protected":false},"author":3,"featured_media":0,"parent":0,"menu_order":0,"comment_status":"closed","ping_status":"closed","template":"","meta":{"ocean_post_layout":"","ocean_both_sidebars_style":"","ocean_both_sidebars_content_width":0,"ocean_both_sidebars_sidebars_width":0,"ocean_sidebar":"","ocean_second_sidebar":"","ocean_disable_margins":"enable","ocean_add_body_class":"","ocean_shortcode_before_top_bar":"","ocean_shortcode_after_top_bar":"","ocean_shortcode_before_header":"","ocean_shortcode_after_header":"","ocean_has_shortcode":"","ocean_shortcode_after_title":"","ocean_shortcode_before_footer_widgets":"","ocean_shortcode_after_footer_widgets":"","ocean_shortcode_before_footer_bottom":"","ocean_shortcode_after_footer_bottom":"","ocean_display_top_bar":"default","ocean_display_header":"default","ocean_header_style":"","ocean_center_header_left_menu":"","ocean_custom_header_template":"","ocean_custom_logo":0,"ocean_custom_retina_logo":0,"ocean_custom_logo_max_width":0,"ocean_custom_logo_tablet_max_width":0,"ocean_custom_logo_mobile_max_width":0,"ocean_custom_logo_max_height":0,"ocean_custom_logo_tablet_max_height":0,"ocean_custom_logo_mobile_max_height":0,"ocean_header_custom_menu":"","ocean_menu_typo_font_family":"","ocean_menu_typo_font_subset":"","ocean_menu_typo_font_size":0,"ocean_menu_typo_font_size_tablet":0,"ocean_menu_typo_font_size_mobile":0,"ocean_menu_typo_font_size_unit":"px","ocean_menu_typo_font_weight":"","ocean_menu_typo_font_weight_tablet":"","ocean_menu_typo_font_weight_mobile":"","ocean_menu_typo_transform":"","ocean_menu_typo_transform_tablet":"","ocean_menu_typo_transform_mobile":"","ocean_menu_typo_line_height":0,"ocean_menu_typo_line_height_tablet":0,"ocean_menu_typo_line_height_mobile":0,"ocean_menu_typo_line_height_unit":"","ocean_menu_typo_spacing":0,"ocean_menu_typo_spacing_tablet":0,"ocean_menu_typo_spacing_mobile":0,"ocean_menu_typo_spacing_unit":"","ocean_menu_link_color":"","ocean_menu_link_color_hover":"","ocean_menu_link_color_active":"","ocean_menu_link_background":"","ocean_menu_link_hover_background":"","ocean_menu_link_active_background":"","ocean_menu_social_links_bg":"","ocean_menu_social_hover_links_bg":"","ocean_menu_social_links_color":"","ocean_menu_social_hover_links_color":"","ocean_disable_title":"default","ocean_disable_heading":"default","ocean_post_title":"","ocean_post_subheading":"","ocean_post_title_style":"","ocean_post_title_background_color":"","ocean_post_title_background":0,"ocean_post_title_bg_image_position":"","ocean_post_title_bg_image_attachment":"","ocean_post_title_bg_image_repeat":"","ocean_post_title_bg_image_size":"","ocean_post_title_height":0,"ocean_post_title_bg_overlay":0.5,"ocean_post_title_bg_overlay_color":"","ocean_disable_breadcrumbs":"default","ocean_breadcrumbs_color":"","ocean_breadcrumbs_separator_color":"","ocean_breadcrumbs_links_color":"","ocean_breadcrumbs_links_hover_color":"","ocean_display_footer_widgets":"default","ocean_display_footer_bottom":"default","ocean_custom_footer_template":"","footnotes":""},"class_list":["post-2139","page","type-page","status-publish","hentry","entry"],"_links":{"self":[{"href":"https:\/\/salcininkaikultura.lt\/pl\/wp-json\/wp\/v2\/pages\/2139","targetHints":{"allow":["GET"]}}],"collection":[{"href":"https:\/\/salcininkaikultura.lt\/pl\/wp-json\/wp\/v2\/pages"}],"about":[{"href":"https:\/\/salcininkaikultura.lt\/pl\/wp-json\/wp\/v2\/types\/page"}],"author":[{"embeddable":true,"href":"https:\/\/salcininkaikultura.lt\/pl\/wp-json\/wp\/v2\/users\/3"}],"replies":[{"embeddable":true,"href":"https:\/\/salcininkaikultura.lt\/pl\/wp-json\/wp\/v2\/comments?post=2139"}],"version-history":[{"count":28,"href":"https:\/\/salcininkaikultura.lt\/pl\/wp-json\/wp\/v2\/pages\/2139\/revisions"}],"predecessor-version":[{"id":9539,"href":"https:\/\/salcininkaikultura.lt\/pl\/wp-json\/wp\/v2\/pages\/2139\/revisions\/9539"}],"wp:attachment":[{"href":"https:\/\/salcininkaikultura.lt\/pl\/wp-json\/wp\/v2\/media?parent=2139"}],"curies":[{"name":"wp","href":"https:\/\/api.w.org\/{rel}","templated":true}]}}