{"id":2219,"date":"2020-10-09T12:14:19","date_gmt":"2020-10-09T12:14:19","guid":{"rendered":"https:\/\/dev.getspace.us\/salcininkaikultura\/?page_id=2219"},"modified":"2020-10-21T10:08:21","modified_gmt":"2020-10-21T10:08:21","slug":"sala-imprez-w-podborzu","status":"publish","type":"page","link":"https:\/\/salcininkaikultura.lt\/pl\/sala-imprez-w-podborzu\/","title":{"rendered":"Sala Imprez w Podborzu"},"content":{"rendered":"\t\t<div data-elementor-type=\"wp-page\" data-elementor-id=\"2219\" class=\"elementor elementor-2219\" data-elementor-post-type=\"page\">\n\t\t\t\t\t\t<section class=\"elementor-section elementor-top-section elementor-element elementor-element-b174b74 elementor-section-boxed elementor-section-height-default elementor-section-height-default\" data-id=\"b174b74\" data-element_type=\"section\">\n\t\t\t\t\t\t<div class=\"elementor-container elementor-column-gap-default\">\n\t\t\t\t\t<div class=\"elementor-column elementor-col-100 elementor-top-column elementor-element elementor-element-cd50638\" data-id=\"cd50638\" data-element_type=\"column\">\n\t\t\t<div class=\"elementor-widget-wrap elementor-element-populated\">\n\t\t\t\t\t\t<div class=\"elementor-element elementor-element-105020d elementor-widget elementor-widget-heading\" data-id=\"105020d\" data-element_type=\"widget\" data-widget_type=\"heading.default\">\n\t\t\t\t<div class=\"elementor-widget-container\">\n\t\t\t\t\t<h2 class=\"elementor-heading-title elementor-size-default\">Sala Imprez w Podborzu<\/h2>\t\t\t\t<\/div>\n\t\t\t\t<\/div>\n\t\t\t\t\t<\/div>\n\t\t<\/div>\n\t\t\t\t\t<\/div>\n\t\t<\/section>\n\t\t\t\t<section class=\"elementor-section elementor-top-section elementor-element elementor-element-4f0b052 elementor-section-boxed elementor-section-height-default elementor-section-height-default\" data-id=\"4f0b052\" data-element_type=\"section\">\n\t\t\t\t\t\t<div class=\"elementor-container elementor-column-gap-default\">\n\t\t\t\t\t<div class=\"elementor-column elementor-col-50 elementor-top-column elementor-element elementor-element-1db1588\" data-id=\"1db1588\" data-element_type=\"column\">\n\t\t\t<div class=\"elementor-widget-wrap elementor-element-populated\">\n\t\t\t\t\t\t<div class=\"elementor-element elementor-element-e28a5b0 elementor-widget elementor-widget-image\" data-id=\"e28a5b0\" data-element_type=\"widget\" data-widget_type=\"image.default\">\n\t\t\t\t<div class=\"elementor-widget-container\">\n\t\t\t\t\t\t\t\t\t\t\t\t\t\t\t<img fetchpriority=\"high\" decoding=\"async\" width=\"1024\" height=\"731\" src=\"https:\/\/salcininkaikultura.lt\/wp-content\/uploads\/2020\/08\/Pabares-laisvalaikio-sale-pastatas-1024x731.jpg\" class=\"attachment-large size-large wp-image-1444\" alt=\"\" srcset=\"https:\/\/salcininkaikultura.lt\/wp-content\/uploads\/2020\/08\/Pabares-laisvalaikio-sale-pastatas-1024x731.jpg 1024w, https:\/\/salcininkaikultura.lt\/wp-content\/uploads\/2020\/08\/Pabares-laisvalaikio-sale-pastatas-300x214.jpg 300w, https:\/\/salcininkaikultura.lt\/wp-content\/uploads\/2020\/08\/Pabares-laisvalaikio-sale-pastatas-768x548.jpg 768w, https:\/\/salcininkaikultura.lt\/wp-content\/uploads\/2020\/08\/Pabares-laisvalaikio-sale-pastatas.jpg 1440w\" sizes=\"(max-width: 1024px) 100vw, 1024px\" \/>\t\t\t\t\t\t\t\t\t\t\t\t\t\t\t<\/div>\n\t\t\t\t<\/div>\n\t\t\t\t\t<\/div>\n\t\t<\/div>\n\t\t\t\t<div class=\"elementor-column elementor-col-50 elementor-top-column elementor-element elementor-element-cd495b3\" data-id=\"cd495b3\" data-element_type=\"column\">\n\t\t\t<div class=\"elementor-widget-wrap elementor-element-populated\">\n\t\t\t\t\t\t<div class=\"elementor-element elementor-element-b28940c elementor-widget elementor-widget-text-editor\" data-id=\"b28940c\" data-element_type=\"widget\" data-widget_type=\"text-editor.default\">\n\t\t\t\t<div class=\"elementor-widget-container\">\n\t\t\t\t\t\t\t\t\t<p><span style=\"color: black; font-family: 'Times New Roman', serif; font-size: 12pt;\">G\u0142\u00f3wnym celem dzia\u0142alno\u015bci kulturalnej Sali<br \/>Imprez w Podborzu jest rozpoznawanie i rozbudzenie potrzeb kulturalnych<br \/>\u015brodowiska, kszta\u0142towanie wzor\u00f3w aktywnego uczestnictwa w kulturze, prowadzenie<br \/>r\u00f3\u017cnorodnych form edukacji kulturalnej odbywaj\u0105cej si\u0119 na terenie sa\u0142ego<br \/>starostwa Podborze.\u00a0<\/span><span style=\"color: black; font-family: 'Times New Roman', serif; font-size: 12pt;\">Plac\u00f3wka proponuje wiele r\u00f3\u017cnorodnych\u00a0<\/span><span style=\"color: black; font-family: 'Times New Roman', serif; font-size: 12pt;\">dzia\u0142a\u0144, warsztat\u00f3w, wycieczek itp., kt\u00f3re s\u0105 adresowane do odbiorc\u00f3w w ka\u017cdym\u00a0<\/span><span lang=\"LT\" style=\"font-size: 12pt; font-family: 'Times New Roman', serif; color: black;\">wieku.\u00a0<\/span><span style=\"color: black; font-family: 'Times New Roman', serif; font-size: 12pt;\">Najwi\u0119ksz\u0105 popularno\u015bci\u0105 w\u015br\u00f3d m\u0142odzie\u017cy\u00a0<\/span><span style=\"color: black; font-family: 'Times New Roman', serif; font-size: 12pt;\">ciesz\u0105 si\u0119 r\u00f3\u017cnego rodzaju rozrywki i zabawy sportowe. Bitwy intelekt\u00f3w, quizy,\u00a0<\/span><span style=\"color: black; font-family: 'Times New Roman', serif; font-size: 12pt;\">wieczory filmowe, turnieje sportowe (tenis sto\u0142owy, biliard, szachy).\u00a0<\/span><span style=\"color: black; font-family: 'Times New Roman', serif; font-size: 12pt;\">Od 2015 r. w Sali Imprez dzia\u0142a klub\u00a0<\/span><span lang=\"LT\" style=\"font-size: 12pt; font-family: 'Times New Roman', serif; color: black;\">koszyk\u00f3wki prowadzony przez kierownika Waldemara Wojciechowicza.\u00a0<\/span><span style=\"color: black; font-family: 'Times New Roman', serif; font-size: 12pt;\">W 2016 r. w zosta\u0142a urz\u0105dzona si\u0142ownia i s\u0105\u00a0<\/span><span style=\"color: black; font-family: 'Times New Roman', serif; font-size: 12pt;\">prowadzone zaj\u0119cia aerobiki.\u00a0<\/span><span style=\"color: black; font-family: 'Times New Roman', serif; font-size: 12pt;\">Funkcjonuje te\u017c otwarta przestrze\u0144\u00a0<\/span><span style=\"color: black; font-family: 'Times New Roman', serif; font-size: 12pt;\">m\u0142odzie\u017cowa, miejsce gdzie m\u0142odzi ludzie mog\u0105 sktywnie sp\u0119dza\u0107 sw\u00f3j wolny czas.\u00a0<\/span><span style=\"color: black; font-family: 'Times New Roman', serif; font-size: 12pt;\">W przestrzeni m\u0142odzie\u017cowej regularnie odbywaj\u0105 si\u0119 r\u00f3znorodne zaj\u0119cia dla\u00a0<\/span><span style=\"color: black; font-family: 'Times New Roman', serif; font-size: 12pt;\">m\u0142odzie\u017cy w wieku od 14 do 29 lat.\u00a0\u00a0<\/span><span style=\"color: black; font-family: 'Times New Roman', serif; font-size: 12pt;\">M\u0142odzie\u017c nieodp\u0142atnie korzysta z wyposa\u017cenia przestrzeni, a tak\u017ce bierze\u00a0<\/span><span style=\"color: black; font-family: 'Times New Roman', serif; font-size: 12pt;\">udzia\u0142 w szkoleniacg, wyk\u0142adach, obozach.<\/span><\/p>\t\t\t\t\t\t\t\t<\/div>\n\t\t\t\t<\/div>\n\t\t\t\t\t<\/div>\n\t\t<\/div>\n\t\t\t\t\t<\/div>\n\t\t<\/section>\n\t\t\t\t<section class=\"elementor-section elementor-top-section elementor-element elementor-element-93c3b23 elementor-section-boxed elementor-section-height-default elementor-section-height-default\" data-id=\"93c3b23\" data-element_type=\"section\">\n\t\t\t\t\t\t<div class=\"elementor-container elementor-column-gap-default\">\n\t\t\t\t\t<div class=\"elementor-column elementor-col-100 elementor-top-column elementor-element elementor-element-f40daef\" data-id=\"f40daef\" data-element_type=\"column\">\n\t\t\t<div class=\"elementor-widget-wrap elementor-element-populated\">\n\t\t\t\t\t\t<div class=\"elementor-element elementor-element-2d4ea29 elementor-widget elementor-widget-text-editor\" data-id=\"2d4ea29\" data-element_type=\"widget\" data-widget_type=\"text-editor.default\">\n\t\t\t\t<div class=\"elementor-widget-container\">\n\t\t\t\t\t\t\t\t\t<p><span lang=\"LT\">Od 2019 r. rozpocz\u0119\u0142a dzia\u0142anie przestrze\u0144 wypoczynkowa mamy i dziecka.<\/span><\/p><p><span style=\"font-size: 14px;\">Organizowane s\u0105 festiwale sportowe, w kt\u00f3rych uczestnicz\u0105 wszystkie dru\u017cyny sportowe rejonu solecznickiego.\u00a0<\/span><\/p><p>We wsp\u00f3\u0142pracy z programem \u201eActive Citzen\u201c na\u00a0Litwie zosta\u0142o zrealizowanych 5 projekt\u00f3w:<\/p><p style=\"text-align: left;\">M\u0142odzie\u017c Podborza<\/p><p style=\"text-align: left;\"><span lang=\"LT\">Zdrowsza spo\u0142eczno\u015b\u0107<\/span><\/p><p style=\"text-align: left;\"><span lang=\"LT\">Przestrze\u0144 dla matki i dziecka<\/span><\/p><p style=\"text-align: left;\"><span lang=\"LT\">Ca\u0142a rodzina razem w czasie kwarantanny<\/span><\/p><p style=\"text-align: left;\"><span lang=\"LT\">Szachy w plenerze<\/span><\/p>\t\t\t\t\t\t\t\t<\/div>\n\t\t\t\t<\/div>\n\t\t\t\t\t<\/div>\n\t\t<\/div>\n\t\t\t\t\t<\/div>\n\t\t<\/section>\n\t\t\t\t<section class=\"elementor-section elementor-top-section elementor-element elementor-element-b05c10a elementor-section-boxed elementor-section-height-default elementor-section-height-default\" data-id=\"b05c10a\" data-element_type=\"section\">\n\t\t\t\t\t\t<div class=\"elementor-container elementor-column-gap-default\">\n\t\t\t\t\t<div class=\"elementor-column elementor-col-100 elementor-top-column elementor-element elementor-element-cb93e6b\" data-id=\"cb93e6b\" data-element_type=\"column\">\n\t\t\t<div class=\"elementor-widget-wrap elementor-element-populated\">\n\t\t\t\t\t\t<div class=\"elementor-element elementor-element-1362cad elementor-arrows-position-inside elementor-pagination-position-outside elementor-widget elementor-widget-image-carousel\" data-id=\"1362cad\" data-element_type=\"widget\" data-settings=\"{&quot;slides_to_show&quot;:&quot;3&quot;,&quot;navigation&quot;:&quot;both&quot;,&quot;autoplay&quot;:&quot;yes&quot;,&quot;pause_on_hover&quot;:&quot;yes&quot;,&quot;pause_on_interaction&quot;:&quot;yes&quot;,&quot;autoplay_speed&quot;:5000,&quot;infinite&quot;:&quot;yes&quot;,&quot;speed&quot;:500}\" data-widget_type=\"image-carousel.default\">\n\t\t\t\t<div class=\"elementor-widget-container\">\n\t\t\t\t\t\t\t<div class=\"elementor-image-carousel-wrapper swiper\" role=\"region\" aria-roledescription=\"carousel\" aria-label=\"Karuzela obrazk\u00f3w\" dir=\"ltr\">\n\t\t\t<div class=\"elementor-image-carousel swiper-wrapper\" aria-live=\"off\">\n\t\t\t\t\t\t\t\t<div class=\"swiper-slide\" role=\"group\" aria-roledescription=\"slide\" aria-label=\"1 z 5\"><figure class=\"swiper-slide-inner\"><img decoding=\"async\" class=\"swiper-slide-image\" src=\"https:\/\/salcininkaikultura.lt\/wp-content\/uploads\/2020\/08\/18278315_303777176725507_7496271455523556593_o-1-768x549.jpg\" alt=\"18278315_303777176725507_7496271455523556593_o\" \/><\/figure><\/div><div class=\"swiper-slide\" role=\"group\" aria-roledescription=\"slide\" aria-label=\"2 z 5\"><figure class=\"swiper-slide-inner\"><img decoding=\"async\" class=\"swiper-slide-image\" src=\"https:\/\/salcininkaikultura.lt\/wp-content\/uploads\/2020\/08\/27752288_422234484879775_2256763733652207345_n-1.jpg\" alt=\"27752288_422234484879775_2256763733652207345_n\" \/><\/figure><\/div><div class=\"swiper-slide\" role=\"group\" aria-roledescription=\"slide\" aria-label=\"3 z 5\"><figure class=\"swiper-slide-inner\"><img decoding=\"async\" class=\"swiper-slide-image\" src=\"https:\/\/salcininkaikultura.lt\/wp-content\/uploads\/2020\/08\/35026335_471796646590225_4064195834147766272_n-768x549.jpg\" alt=\"35026335_471796646590225_4064195834147766272_n\" \/><\/figure><\/div><div class=\"swiper-slide\" role=\"group\" aria-roledescription=\"slide\" aria-label=\"4 z 5\"><figure class=\"swiper-slide-inner\"><img decoding=\"async\" class=\"swiper-slide-image\" src=\"https:\/\/salcininkaikultura.lt\/wp-content\/uploads\/2020\/08\/34179433_467472670355956_5028141676833538048_n-768x549.jpg\" alt=\"34179433_467472670355956_5028141676833538048_n\" \/><\/figure><\/div><div class=\"swiper-slide\" role=\"group\" aria-roledescription=\"slide\" aria-label=\"5 z 5\"><figure class=\"swiper-slide-inner\"><img decoding=\"async\" class=\"swiper-slide-image\" src=\"https:\/\/salcininkaikultura.lt\/wp-content\/uploads\/2020\/08\/28280099_428590260910864_5735134178919283593_n.jpg\" alt=\"28280099_428590260910864_5735134178919283593_n\" \/><\/figure><\/div>\t\t\t<\/div>\n\t\t\t\t\t\t\t\t\t\t\t\t<div class=\"elementor-swiper-button elementor-swiper-button-prev\" role=\"button\" tabindex=\"0\">\n\t\t\t\t\t\t<i aria-hidden=\"true\" class=\"eicon-chevron-left\"><\/i>\t\t\t\t\t<\/div>\n\t\t\t\t\t<div class=\"elementor-swiper-button elementor-swiper-button-next\" role=\"button\" tabindex=\"0\">\n\t\t\t\t\t\t<i aria-hidden=\"true\" class=\"eicon-chevron-right\"><\/i>\t\t\t\t\t<\/div>\n\t\t\t\t\n\t\t\t\t\t\t\t\t\t<div class=\"swiper-pagination\"><\/div>\n\t\t\t\t\t\t\t\t\t<\/div>\n\t\t\t\t\t\t<\/div>\n\t\t\t\t<\/div>\n\t\t\t\t\t<\/div>\n\t\t<\/div>\n\t\t\t\t\t<\/div>\n\t\t<\/section>\n\t\t\t\t<section class=\"elementor-section elementor-top-section elementor-element elementor-element-6973d6e elementor-section-boxed elementor-section-height-default elementor-section-height-default\" data-id=\"6973d6e\" data-element_type=\"section\">\n\t\t\t\t\t\t<div class=\"elementor-container elementor-column-gap-default\">\n\t\t\t\t\t<div class=\"elementor-column elementor-col-100 elementor-top-column elementor-element elementor-element-ead4ebc\" data-id=\"ead4ebc\" data-element_type=\"column\">\n\t\t\t<div class=\"elementor-widget-wrap\">\n\t\t\t\t\t\t\t<\/div>\n\t\t<\/div>\n\t\t\t\t\t<\/div>\n\t\t<\/section>\n\t\t\t\t<section class=\"elementor-section elementor-top-section elementor-element elementor-element-38ce737 elementor-section-boxed elementor-section-height-default elementor-section-height-default\" data-id=\"38ce737\" data-element_type=\"section\">\n\t\t\t\t\t\t<div class=\"elementor-container elementor-column-gap-default\">\n\t\t\t\t\t<div class=\"elementor-column elementor-col-100 elementor-top-column elementor-element elementor-element-6e5ae77\" data-id=\"6e5ae77\" data-element_type=\"column\">\n\t\t\t<div class=\"elementor-widget-wrap elementor-element-populated\">\n\t\t\t\t\t\t<div class=\"elementor-element elementor-element-c3b12d2 elementor-widget elementor-widget-image-gallery\" data-id=\"c3b12d2\" data-element_type=\"widget\" data-widget_type=\"image-gallery.default\">\n\t\t\t\t<div class=\"elementor-widget-container\">\n\t\t\t\t\t\t\t<div class=\"elementor-image-gallery\">\n\t\t\t<div id='gallery-1' class='gallery galleryid-2219 gallery-columns-2 gallery-size-medium_large'><figure class='gallery-item'>\n\t\t\t<div class='gallery-icon portrait'>\n\t\t\t\t<a data-elementor-open-lightbox=\"yes\" data-elementor-lightbox-slideshow=\"c3b12d2\" data-elementor-lightbox-title=\"29598011_441484826288074_329570341471003163_n\" data-e-action-hash=\"#elementor-action%3Aaction%3Dlightbox%26settings%3DeyJpZCI6MTQzMiwidXJsIjoiaHR0cHM6XC9cL3NhbGNpbmlua2Fpa3VsdHVyYS5sdFwvd3AtY29udGVudFwvdXBsb2Fkc1wvMjAyMFwvMDhcLzI5NTk4MDExXzQ0MTQ4NDgyNjI4ODA3NF8zMjk1NzAzNDE0NzEwMDMxNjNfbi5qcGciLCJzbGlkZXNob3ciOiJjM2IxMmQyIn0%3D\" href='https:\/\/salcininkaikultura.lt\/wp-content\/uploads\/2020\/08\/29598011_441484826288074_329570341471003163_n.jpg'><img decoding=\"async\" width=\"686\" height=\"960\" src=\"https:\/\/salcininkaikultura.lt\/wp-content\/uploads\/2020\/08\/29598011_441484826288074_329570341471003163_n.jpg\" class=\"attachment-medium_large size-medium_large\" alt=\"\" srcset=\"https:\/\/salcininkaikultura.lt\/wp-content\/uploads\/2020\/08\/29598011_441484826288074_329570341471003163_n.jpg 686w, https:\/\/salcininkaikultura.lt\/wp-content\/uploads\/2020\/08\/29598011_441484826288074_329570341471003163_n-214x300.jpg 214w\" sizes=\"(max-width: 686px) 100vw, 686px\" \/><\/a>\n\t\t\t<\/div><\/figure><figure class='gallery-item'>\n\t\t\t<div class='gallery-icon portrait'>\n\t\t\t\t<a data-elementor-open-lightbox=\"yes\" data-elementor-lightbox-slideshow=\"c3b12d2\" data-elementor-lightbox-title=\"104219750_996665410770010_3845658369694483122_n\" data-e-action-hash=\"#elementor-action%3Aaction%3Dlightbox%26settings%3DeyJpZCI6MTQ0MSwidXJsIjoiaHR0cHM6XC9cL3NhbGNpbmlua2Fpa3VsdHVyYS5sdFwvd3AtY29udGVudFwvdXBsb2Fkc1wvMjAyMFwvMDhcLzEwNDIxOTc1MF85OTY2NjU0MTA3NzAwMTBfMzg0NTY1ODM2OTY5NDQ4MzEyMl9uLmpwZyIsInNsaWRlc2hvdyI6ImMzYjEyZDIifQ%3D%3D\" href='https:\/\/salcininkaikultura.lt\/wp-content\/uploads\/2020\/08\/104219750_996665410770010_3845658369694483122_n.jpg'><img decoding=\"async\" width=\"686\" height=\"960\" src=\"https:\/\/salcininkaikultura.lt\/wp-content\/uploads\/2020\/08\/104219750_996665410770010_3845658369694483122_n.jpg\" class=\"attachment-medium_large size-medium_large\" alt=\"\" srcset=\"https:\/\/salcininkaikultura.lt\/wp-content\/uploads\/2020\/08\/104219750_996665410770010_3845658369694483122_n.jpg 686w, https:\/\/salcininkaikultura.lt\/wp-content\/uploads\/2020\/08\/104219750_996665410770010_3845658369694483122_n-214x300.jpg 214w\" sizes=\"(max-width: 686px) 100vw, 686px\" \/><\/a>\n\t\t\t<\/div><\/figure>\n\t\t<\/div>\n\t\t<\/div>\n\t\t\t\t\t\t<\/div>\n\t\t\t\t<\/div>\n\t\t\t\t\t<\/div>\n\t\t<\/div>\n\t\t\t\t\t<\/div>\n\t\t<\/section>\n\t\t\t\t<section class=\"elementor-section elementor-top-section elementor-element elementor-element-1006906 elementor-section-boxed elementor-section-height-default elementor-section-height-default\" data-id=\"1006906\" data-element_type=\"section\">\n\t\t\t\t\t\t<div class=\"elementor-container elementor-column-gap-default\">\n\t\t\t\t\t<div class=\"elementor-column elementor-col-100 elementor-top-column elementor-element elementor-element-8b3effd\" data-id=\"8b3effd\" data-element_type=\"column\">\n\t\t\t<div class=\"elementor-widget-wrap elementor-element-populated\">\n\t\t\t\t\t\t<div class=\"elementor-element elementor-element-1612651 elementor-widget elementor-widget-text-editor\" data-id=\"1612651\" data-element_type=\"widget\" data-widget_type=\"text-editor.default\">\n\t\t\t\t<div class=\"elementor-widget-container\">\n\t\t\t\t\t\t\t\t\t<p><strong>Kierownik <\/strong>Sali Imprez Waldemar Wojciechowicz<\/p><p><strong>Adres: <\/strong>ul. G\u0117li\u0173 7; Podborze tel.\u00a0 +370 (380) 34112<\/p>\t\t\t\t\t\t\t\t<\/div>\n\t\t\t\t<\/div>\n\t\t\t\t\t<\/div>\n\t\t<\/div>\n\t\t\t\t\t<\/div>\n\t\t<\/section>\n\t\t\t\t<\/div>\n\t\t","protected":false},"excerpt":{"rendered":"<p>Sala Imprez w Podborzu G\u0142\u00f3wnym celem dzia\u0142alno\u015bci kulturalnej SaliImprez w Podborzu jest rozpoznawanie i rozbudzenie potrzeb kulturalnych\u015brodowiska, kszta\u0142towanie wzor\u00f3w aktywnego uczestnictwa w kulturze, prowadzenier\u00f3\u017cnorodnych form edukacji kulturalnej odbywaj\u0105cej si\u0119 na terenie sa\u0142egostarostwa Podborze.\u00a0Plac\u00f3wka proponuje wiele r\u00f3\u017cnorodnych\u00a0dzia\u0142a\u0144, warsztat\u00f3w, wycieczek itp., kt\u00f3re s\u0105 adresowane do odbiorc\u00f3w w ka\u017cdym\u00a0wieku.\u00a0Najwi\u0119ksz\u0105 popularno\u015bci\u0105 w\u015br\u00f3d m\u0142odzie\u017cy\u00a0ciesz\u0105 si\u0119 r\u00f3\u017cnego rodzaju rozrywki i zabawy [&hellip;]<\/p>\n","protected":false},"author":3,"featured_media":0,"parent":0,"menu_order":0,"comment_status":"closed","ping_status":"closed","template":"","meta":{"ocean_post_layout":"","ocean_both_sidebars_style":"","ocean_both_sidebars_content_width":0,"ocean_both_sidebars_sidebars_width":0,"ocean_sidebar":"","ocean_second_sidebar":"","ocean_disable_margins":"enable","ocean_add_body_class":"","ocean_shortcode_before_top_bar":"","ocean_shortcode_after_top_bar":"","ocean_shortcode_before_header":"","ocean_shortcode_after_header":"","ocean_has_shortcode":"","ocean_shortcode_after_title":"","ocean_shortcode_before_footer_widgets":"","ocean_shortcode_after_footer_widgets":"","ocean_shortcode_before_footer_bottom":"","ocean_shortcode_after_footer_bottom":"","ocean_display_top_bar":"default","ocean_display_header":"default","ocean_header_style":"","ocean_center_header_left_menu":"","ocean_custom_header_template":"","ocean_custom_logo":0,"ocean_custom_retina_logo":0,"ocean_custom_logo_max_width":0,"ocean_custom_logo_tablet_max_width":0,"ocean_custom_logo_mobile_max_width":0,"ocean_custom_logo_max_height":0,"ocean_custom_logo_tablet_max_height":0,"ocean_custom_logo_mobile_max_height":0,"ocean_header_custom_menu":"","ocean_menu_typo_font_family":"","ocean_menu_typo_font_subset":"","ocean_menu_typo_font_size":0,"ocean_menu_typo_font_size_tablet":0,"ocean_menu_typo_font_size_mobile":0,"ocean_menu_typo_font_size_unit":"px","ocean_menu_typo_font_weight":"","ocean_menu_typo_font_weight_tablet":"","ocean_menu_typo_font_weight_mobile":"","ocean_menu_typo_transform":"","ocean_menu_typo_transform_tablet":"","ocean_menu_typo_transform_mobile":"","ocean_menu_typo_line_height":0,"ocean_menu_typo_line_height_tablet":0,"ocean_menu_typo_line_height_mobile":0,"ocean_menu_typo_line_height_unit":"","ocean_menu_typo_spacing":0,"ocean_menu_typo_spacing_tablet":0,"ocean_menu_typo_spacing_mobile":0,"ocean_menu_typo_spacing_unit":"","ocean_menu_link_color":"","ocean_menu_link_color_hover":"","ocean_menu_link_color_active":"","ocean_menu_link_background":"","ocean_menu_link_hover_background":"","ocean_menu_link_active_background":"","ocean_menu_social_links_bg":"","ocean_menu_social_hover_links_bg":"","ocean_menu_social_links_color":"","ocean_menu_social_hover_links_color":"","ocean_disable_title":"default","ocean_disable_heading":"default","ocean_post_title":"","ocean_post_subheading":"","ocean_post_title_style":"","ocean_post_title_background_color":"","ocean_post_title_background":0,"ocean_post_title_bg_image_position":"","ocean_post_title_bg_image_attachment":"","ocean_post_title_bg_image_repeat":"","ocean_post_title_bg_image_size":"","ocean_post_title_height":0,"ocean_post_title_bg_overlay":0.5,"ocean_post_title_bg_overlay_color":"","ocean_disable_breadcrumbs":"default","ocean_breadcrumbs_color":"","ocean_breadcrumbs_separator_color":"","ocean_breadcrumbs_links_color":"","ocean_breadcrumbs_links_hover_color":"","ocean_display_footer_widgets":"default","ocean_display_footer_bottom":"default","ocean_custom_footer_template":"","footnotes":""},"class_list":["post-2219","page","type-page","status-publish","hentry","entry"],"_links":{"self":[{"href":"https:\/\/salcininkaikultura.lt\/pl\/wp-json\/wp\/v2\/pages\/2219","targetHints":{"allow":["GET"]}}],"collection":[{"href":"https:\/\/salcininkaikultura.lt\/pl\/wp-json\/wp\/v2\/pages"}],"about":[{"href":"https:\/\/salcininkaikultura.lt\/pl\/wp-json\/wp\/v2\/types\/page"}],"author":[{"embeddable":true,"href":"https:\/\/salcininkaikultura.lt\/pl\/wp-json\/wp\/v2\/users\/3"}],"replies":[{"embeddable":true,"href":"https:\/\/salcininkaikultura.lt\/pl\/wp-json\/wp\/v2\/comments?post=2219"}],"version-history":[{"count":5,"href":"https:\/\/salcininkaikultura.lt\/pl\/wp-json\/wp\/v2\/pages\/2219\/revisions"}],"predecessor-version":[{"id":4276,"href":"https:\/\/salcininkaikultura.lt\/pl\/wp-json\/wp\/v2\/pages\/2219\/revisions\/4276"}],"wp:attachment":[{"href":"https:\/\/salcininkaikultura.lt\/pl\/wp-json\/wp\/v2\/media?parent=2219"}],"curies":[{"name":"wp","href":"https:\/\/api.w.org\/{rel}","templated":true}]}}