{"id":878,"date":"2020-05-26T14:03:19","date_gmt":"2020-05-26T14:03:19","guid":{"rendered":"https:\/\/dev.getspace.us\/salcininkaikultura\/?page_id=878"},"modified":"2024-12-02T07:44:20","modified_gmt":"2024-12-02T07:44:20","slug":"imprezy","status":"publish","type":"page","link":"https:\/\/salcininkaikultura.lt\/pl\/imprezy\/","title":{"rendered":"Imprezy"},"content":{"rendered":"<div style=\"margin-top: 0px; margin-bottom: 0px;\" class=\"sharethis-inline-share-buttons\" ><\/div>\t\t<div data-elementor-type=\"wp-page\" data-elementor-id=\"878\" class=\"elementor elementor-878 elementor-11\" data-elementor-post-type=\"page\">\n\t\t\t\t\t\t<section class=\"elementor-section elementor-top-section elementor-element elementor-element-121dfcf elementor-section-boxed elementor-section-height-default elementor-section-height-default\" data-id=\"121dfcf\" data-element_type=\"section\">\n\t\t\t\t\t\t<div class=\"elementor-container elementor-column-gap-default\">\n\t\t\t\t\t<div class=\"elementor-column elementor-col-100 elementor-top-column elementor-element elementor-element-f2542a5\" data-id=\"f2542a5\" data-element_type=\"column\">\n\t\t\t<div class=\"elementor-widget-wrap elementor-element-populated\">\n\t\t\t\t\t\t<div class=\"elementor-element elementor-element-d6b9bc6 elementor-grid-3 elementor-grid-tablet-2 elementor-grid-mobile-1 elementor-posts--thumbnail-top elementor-card-shadow-yes elementor-posts__hover-gradient elementor-widget elementor-widget-posts\" data-id=\"d6b9bc6\" data-element_type=\"widget\" data-settings=\"{&quot;cards_columns&quot;:&quot;3&quot;,&quot;cards_columns_tablet&quot;:&quot;2&quot;,&quot;cards_columns_mobile&quot;:&quot;1&quot;,&quot;cards_row_gap&quot;:{&quot;unit&quot;:&quot;px&quot;,&quot;size&quot;:35,&quot;sizes&quot;:[]},&quot;cards_row_gap_tablet&quot;:{&quot;unit&quot;:&quot;px&quot;,&quot;size&quot;:&quot;&quot;,&quot;sizes&quot;:[]},&quot;cards_row_gap_mobile&quot;:{&quot;unit&quot;:&quot;px&quot;,&quot;size&quot;:&quot;&quot;,&quot;sizes&quot;:[]}}\" data-widget_type=\"posts.cards\">\n\t\t\t\t<div class=\"elementor-widget-container\">\n\t\t\t\t\t\t\t<div class=\"elementor-posts-container elementor-posts elementor-posts--skin-cards elementor-grid\" role=\"list\">\n\t\t\t\t<article class=\"elementor-post elementor-grid-item post-25794 post type-post status-publish format-standard has-post-thumbnail hentry category-renginiai-pl category-koncertai-pl entry has-media\" role=\"listitem\">\n\t\t\t<div class=\"elementor-post__card\">\n\t\t\t\t<a class=\"elementor-post__thumbnail__link\" href=\"https:\/\/salcininkaikultura.lt\/pl\/2026\/08\/07\/lato-w-dziewieniszkach-5\/\" tabindex=\"-1\" ><div class=\"elementor-post__thumbnail\"><img fetchpriority=\"high\" decoding=\"async\" width=\"212\" height=\"300\" src=\"https:\/\/salcininkaikultura.lt\/wp-content\/uploads\/2026\/08\/plakatas-Dieveniskes-2026-212x300.jpg\" class=\"attachment-medium size-medium wp-image-25792\" alt=\"\" srcset=\"https:\/\/salcininkaikultura.lt\/wp-content\/uploads\/2026\/08\/plakatas-Dieveniskes-2026-212x300.jpg 212w, https:\/\/salcininkaikultura.lt\/wp-content\/uploads\/2026\/08\/plakatas-Dieveniskes-2026-724x1024.jpg 724w, https:\/\/salcininkaikultura.lt\/wp-content\/uploads\/2026\/08\/plakatas-Dieveniskes-2026-768x1086.jpg 768w, https:\/\/salcininkaikultura.lt\/wp-content\/uploads\/2026\/08\/plakatas-Dieveniskes-2026.jpg 973w\" sizes=\"(max-width: 212px) 100vw, 212px\" \/><\/div><\/a>\n\t\t\t\t<div class=\"elementor-post__badge\">Imprezy<\/div>\n\t\t\t\t<div class=\"elementor-post__text\">\n\t\t\t\t<h3 class=\"elementor-post__title\">\n\t\t\t<a href=\"https:\/\/salcininkaikultura.lt\/pl\/2026\/08\/07\/lato-w-dziewieniszkach-5\/\" >\n\t\t\t\tLATO W DZIEWIENISZKACH\t\t\t<\/a>\n\t\t<\/h3>\n\t\t\t\t<div class=\"elementor-post__excerpt\">\n\t\t\t<p>22 sierpnia 2026 r. serdecznie zapraszamy wszystkich na tradycyjne \u015bwi\u0119to \u201eLato w Dziewieniszkach\u201d! Od godziny 15.00 spotykamy si\u0119 nad stawem w Dziewieniszkach, gdzie czeka na<\/p>\n\t\t<\/div>\n\t\t\t\t<\/div>\n\t\t\t\t\t<\/div>\n\t\t<\/article>\n\t\t\t\t<article class=\"elementor-post elementor-grid-item post-25785 post type-post status-publish format-standard has-post-thumbnail hentry category-renginiai-pl category-koncertai-pl entry has-media\" role=\"listitem\">\n\t\t\t<div class=\"elementor-post__card\">\n\t\t\t\t<a class=\"elementor-post__thumbnail__link\" href=\"https:\/\/salcininkaikultura.lt\/pl\/2026\/08\/07\/swieto-starostwa-gierwiszki-2\/\" tabindex=\"-1\" ><div class=\"elementor-post__thumbnail\"><img decoding=\"async\" width=\"300\" height=\"300\" src=\"https:\/\/salcininkaikultura.lt\/wp-content\/uploads\/2026\/08\/2026-Gerviskiu-seniunijos-svente-kvadradinis-300x300.jpg\" class=\"attachment-medium size-medium wp-image-25779\" alt=\"\" srcset=\"https:\/\/salcininkaikultura.lt\/wp-content\/uploads\/2026\/08\/2026-Gerviskiu-seniunijos-svente-kvadradinis-300x300.jpg 300w, https:\/\/salcininkaikultura.lt\/wp-content\/uploads\/2026\/08\/2026-Gerviskiu-seniunijos-svente-kvadradinis-150x150.jpg 150w, https:\/\/salcininkaikultura.lt\/wp-content\/uploads\/2026\/08\/2026-Gerviskiu-seniunijos-svente-kvadradinis-768x767.jpg 768w, https:\/\/salcininkaikultura.lt\/wp-content\/uploads\/2026\/08\/2026-Gerviskiu-seniunijos-svente-kvadradinis-600x600.jpg 600w, https:\/\/salcininkaikultura.lt\/wp-content\/uploads\/2026\/08\/2026-Gerviskiu-seniunijos-svente-kvadradinis.jpg 992w\" sizes=\"(max-width: 300px) 100vw, 300px\" \/><\/div><\/a>\n\t\t\t\t<div class=\"elementor-post__badge\">Imprezy<\/div>\n\t\t\t\t<div class=\"elementor-post__text\">\n\t\t\t\t<h3 class=\"elementor-post__title\">\n\t\t\t<a href=\"https:\/\/salcininkaikultura.lt\/pl\/2026\/08\/07\/swieto-starostwa-gierwiszki-2\/\" >\n\t\t\t\t\u015aWI\u0118TO STAROSTWA GIERWISZKI\t\t\t<\/a>\n\t\t<\/h3>\n\t\t\t\t<div class=\"elementor-post__excerpt\">\n\t\t\t<p>29 sierpnia 2026 r. serdecznie zapraszamy wszystkich na \u015aWI\u0118TO STAROSTWA GIERWISZKI! Od godziny 16.00 spotykamy si\u0119 w parku w Gierwiszkach, gdzie czeka na Pa\u0144stwa bogaty<\/p>\n\t\t<\/div>\n\t\t\t\t<\/div>\n\t\t\t\t\t<\/div>\n\t\t<\/article>\n\t\t\t\t<article class=\"elementor-post elementor-grid-item post-25656 post type-post status-publish format-standard has-post-thumbnail hentry category-renginiai-pl category-koncertai-pl entry has-media\" role=\"listitem\">\n\t\t\t<div class=\"elementor-post__card\">\n\t\t\t\t<a class=\"elementor-post__thumbnail__link\" href=\"https:\/\/salcininkaikultura.lt\/pl\/2026\/07\/28\/zielna-w-podborzu-2026\/\" tabindex=\"-1\" ><div class=\"elementor-post__thumbnail\"><img decoding=\"async\" width=\"212\" height=\"300\" src=\"https:\/\/salcininkaikultura.lt\/wp-content\/uploads\/2026\/07\/Zielna-w-Podborzu-2026-212x300.jpg\" class=\"attachment-medium size-medium wp-image-25657\" alt=\"\" srcset=\"https:\/\/salcininkaikultura.lt\/wp-content\/uploads\/2026\/07\/Zielna-w-Podborzu-2026-212x300.jpg 212w, https:\/\/salcininkaikultura.lt\/wp-content\/uploads\/2026\/07\/Zielna-w-Podborzu-2026-724x1024.jpg 724w, https:\/\/salcininkaikultura.lt\/wp-content\/uploads\/2026\/07\/Zielna-w-Podborzu-2026-768x1086.jpg 768w, https:\/\/salcininkaikultura.lt\/wp-content\/uploads\/2026\/07\/Zielna-w-Podborzu-2026.jpg 1087w\" sizes=\"(max-width: 212px) 100vw, 212px\" \/><\/div><\/a>\n\t\t\t\t<div class=\"elementor-post__badge\">Imprezy<\/div>\n\t\t\t\t<div class=\"elementor-post__text\">\n\t\t\t\t<h3 class=\"elementor-post__title\">\n\t\t\t<a href=\"https:\/\/salcininkaikultura.lt\/pl\/2026\/07\/28\/zielna-w-podborzu-2026\/\" >\n\t\t\t\tZielna w Podborzu 2026\t\t\t<\/a>\n\t\t<\/h3>\n\t\t\t\t<div class=\"elementor-post__excerpt\">\n\t\t\t<p>Zapraszamy na Zieln\u0105 w Podborzu! 15 sierpnia 2026 r. zapraszamy na \u015awi\u0119to Matki Boskiej Zielnej w Podborzu. Godz. 12.00 &#8211; Msza \u015bwi\u0119ta odpustowa w ko\u015bciele<\/p>\n\t\t<\/div>\n\t\t\t\t<\/div>\n\t\t\t\t\t<\/div>\n\t\t<\/article>\n\t\t\t\t<article class=\"elementor-post elementor-grid-item post-25642 post type-post status-publish format-standard has-post-thumbnail hentry category-renginiai-pl category-koncertai-pl entry has-media\" role=\"listitem\">\n\t\t\t<div class=\"elementor-post__card\">\n\t\t\t\t<a class=\"elementor-post__thumbnail__link\" href=\"https:\/\/salcininkaikultura.lt\/pl\/2026\/07\/27\/zielna-w-turgielach-2026\/\" tabindex=\"-1\" ><div class=\"elementor-post__thumbnail\"><img loading=\"lazy\" decoding=\"async\" width=\"300\" height=\"300\" src=\"https:\/\/salcininkaikultura.lt\/wp-content\/uploads\/2026\/07\/Zielna-w-Turgielach-2026-300x300.jpg\" class=\"attachment-medium size-medium wp-image-25772\" alt=\"\" srcset=\"https:\/\/salcininkaikultura.lt\/wp-content\/uploads\/2026\/07\/Zielna-w-Turgielach-2026-300x300.jpg 300w, https:\/\/salcininkaikultura.lt\/wp-content\/uploads\/2026\/07\/Zielna-w-Turgielach-2026-1024x1024.jpg 1024w, https:\/\/salcininkaikultura.lt\/wp-content\/uploads\/2026\/07\/Zielna-w-Turgielach-2026-150x150.jpg 150w, https:\/\/salcininkaikultura.lt\/wp-content\/uploads\/2026\/07\/Zielna-w-Turgielach-2026-768x768.jpg 768w, https:\/\/salcininkaikultura.lt\/wp-content\/uploads\/2026\/07\/Zielna-w-Turgielach-2026-600x600.jpg 600w, https:\/\/salcininkaikultura.lt\/wp-content\/uploads\/2026\/07\/Zielna-w-Turgielach-2026.jpg 1200w\" sizes=\"(max-width: 300px) 100vw, 300px\" \/><\/div><\/a>\n\t\t\t\t<div class=\"elementor-post__badge\">Imprezy<\/div>\n\t\t\t\t<div class=\"elementor-post__text\">\n\t\t\t\t<h3 class=\"elementor-post__title\">\n\t\t\t<a href=\"https:\/\/salcininkaikultura.lt\/pl\/2026\/07\/27\/zielna-w-turgielach-2026\/\" >\n\t\t\t\tZielna w Turgielach 2026\t\t\t<\/a>\n\t\t<\/h3>\n\t\t\t\t<div class=\"elementor-post__excerpt\">\n\t\t\t<p>15 sierpnia 2026 r. zapraszamy na \u015awi\u0119to Matki Boskiej Zielnej w Turgielach! Uroczysto\u015bci rozpoczn\u0105 si\u0119 o godz. 9.00 uroczyst\u0105 msz\u0105 \u015bwi\u0119t\u0105 odpustow\u0105 w ko\u015bciele pw.<\/p>\n\t\t<\/div>\n\t\t\t\t<\/div>\n\t\t\t\t\t<\/div>\n\t\t<\/article>\n\t\t\t\t<article class=\"elementor-post elementor-grid-item post-25631 post type-post status-publish format-standard has-post-thumbnail hentry category-renginiai-pl category-kurybines-dirbtuves-pl category-parodos-pl entry has-media\" role=\"listitem\">\n\t\t\t<div class=\"elementor-post__card\">\n\t\t\t\t<a class=\"elementor-post__thumbnail__link\" href=\"https:\/\/salcininkaikultura.lt\/pl\/2026\/07\/21\/wernisaz-letniej-szkoly-artystycznej-2\/\" tabindex=\"-1\" ><div class=\"elementor-post__thumbnail\"><img loading=\"lazy\" decoding=\"async\" width=\"212\" height=\"300\" src=\"https:\/\/salcininkaikultura.lt\/wp-content\/uploads\/2026\/07\/Wernisaz-letniej-szkoly-artystycznej-2026-212x300.jpg\" class=\"attachment-medium size-medium wp-image-25632\" alt=\"\" srcset=\"https:\/\/salcininkaikultura.lt\/wp-content\/uploads\/2026\/07\/Wernisaz-letniej-szkoly-artystycznej-2026-212x300.jpg 212w, https:\/\/salcininkaikultura.lt\/wp-content\/uploads\/2026\/07\/Wernisaz-letniej-szkoly-artystycznej-2026-724x1024.jpg 724w, https:\/\/salcininkaikultura.lt\/wp-content\/uploads\/2026\/07\/Wernisaz-letniej-szkoly-artystycznej-2026-768x1086.jpg 768w, https:\/\/salcininkaikultura.lt\/wp-content\/uploads\/2026\/07\/Wernisaz-letniej-szkoly-artystycznej-2026.jpg 1000w\" sizes=\"(max-width: 212px) 100vw, 212px\" \/><\/div><\/a>\n\t\t\t\t<div class=\"elementor-post__badge\">Imprezy<\/div>\n\t\t\t\t<div class=\"elementor-post__text\">\n\t\t\t\t<h3 class=\"elementor-post__title\">\n\t\t\t<a href=\"https:\/\/salcininkaikultura.lt\/pl\/2026\/07\/21\/wernisaz-letniej-szkoly-artystycznej-2\/\" >\n\t\t\t\tWERNISA\u017b LETNIEJ SZKO\u0141Y ARTYSTYCZNEJ\t\t\t<\/a>\n\t\t<\/h3>\n\t\t\t\t<div class=\"elementor-post__excerpt\">\n\t\t\t<p>WERNISA\u017b LETNIEJ SZKO\u0141Y ARTYSTYCZNEJ w Centrum Kultury w Solecznikach 24.07.2026 godz 17.00\u00a0Organizator: Centrum Kultury Samorz\u0105du Rejonu Solecznickiego\u00a0Projekt jest finansowany przez: Samorz\u0105d Rejonu Solecznickiego Kancelaria Senatu<\/p>\n\t\t<\/div>\n\t\t\t\t<\/div>\n\t\t\t\t\t<\/div>\n\t\t<\/article>\n\t\t\t\t<article class=\"elementor-post elementor-grid-item post-25571 post type-post status-publish format-standard has-post-thumbnail hentry category-renginiai-pl category-koncertai-pl entry has-media\" role=\"listitem\">\n\t\t\t<div class=\"elementor-post__card\">\n\t\t\t\t<a class=\"elementor-post__thumbnail__link\" href=\"https:\/\/salcininkaikultura.lt\/pl\/2026\/06\/19\/odpust-w-parafii-sw-piotra-apostola-w-solecznikach\/\" tabindex=\"-1\" ><div class=\"elementor-post__thumbnail\"><img loading=\"lazy\" decoding=\"async\" width=\"300\" height=\"300\" src=\"https:\/\/salcininkaikultura.lt\/wp-content\/uploads\/2026\/06\/2026-kwadrat-Odpust-parafii-w-Solecznikach-300x300.jpg\" class=\"attachment-medium size-medium wp-image-25565\" alt=\"\" srcset=\"https:\/\/salcininkaikultura.lt\/wp-content\/uploads\/2026\/06\/2026-kwadrat-Odpust-parafii-w-Solecznikach-300x300.jpg 300w, https:\/\/salcininkaikultura.lt\/wp-content\/uploads\/2026\/06\/2026-kwadrat-Odpust-parafii-w-Solecznikach-150x150.jpg 150w, https:\/\/salcininkaikultura.lt\/wp-content\/uploads\/2026\/06\/2026-kwadrat-Odpust-parafii-w-Solecznikach-768x768.jpg 768w, https:\/\/salcininkaikultura.lt\/wp-content\/uploads\/2026\/06\/2026-kwadrat-Odpust-parafii-w-Solecznikach-600x600.jpg 600w, https:\/\/salcininkaikultura.lt\/wp-content\/uploads\/2026\/06\/2026-kwadrat-Odpust-parafii-w-Solecznikach.jpg 900w\" sizes=\"(max-width: 300px) 100vw, 300px\" \/><\/div><\/a>\n\t\t\t\t<div class=\"elementor-post__badge\">Imprezy<\/div>\n\t\t\t\t<div class=\"elementor-post__text\">\n\t\t\t\t<h3 class=\"elementor-post__title\">\n\t\t\t<a href=\"https:\/\/salcininkaikultura.lt\/pl\/2026\/06\/19\/odpust-w-parafii-sw-piotra-apostola-w-solecznikach\/\" >\n\t\t\t\tODPUST W PARAFII \u015aW. PIOTRA APOSTO\u0141A W SOLECZNIKACH\t\t\t<\/a>\n\t\t<\/h3>\n\t\t\t\t<div class=\"elementor-post__excerpt\">\n\t\t\t<p>ODPUST W PARAFII \u015aW. PIOTRA APOSTO\u0141A W SOLECZNIKACH 28 czerwca 2026 r. Program: Godz. 11.00 \u2013 Uroczysta Msza \u015awi\u0119ta Godz. 12.30 \u2013 Koncert: \u2022 Katarzyna<\/p>\n\t\t<\/div>\n\t\t\t\t<\/div>\n\t\t\t\t\t<\/div>\n\t\t<\/article>\n\t\t\t\t<article class=\"elementor-post elementor-grid-item post-25530 post type-post status-publish format-standard has-post-thumbnail hentry category-renginiai-pl category-koncertai-pl entry has-media\" role=\"listitem\">\n\t\t\t<div class=\"elementor-post__card\">\n\t\t\t\t<a class=\"elementor-post__thumbnail__link\" href=\"https:\/\/salcininkaikultura.lt\/pl\/2026\/06\/17\/wieczory-taneczne\/\" tabindex=\"-1\" ><div class=\"elementor-post__thumbnail\"><img loading=\"lazy\" decoding=\"async\" width=\"300\" height=\"300\" src=\"https:\/\/salcininkaikultura.lt\/wp-content\/uploads\/2026\/06\/2026-m.-kvadratui-sokiu-vakarai-Salcininkuose-PL-300x300.jpg\" class=\"attachment-medium size-medium wp-image-25531\" alt=\"\" srcset=\"https:\/\/salcininkaikultura.lt\/wp-content\/uploads\/2026\/06\/2026-m.-kvadratui-sokiu-vakarai-Salcininkuose-PL-300x300.jpg 300w, https:\/\/salcininkaikultura.lt\/wp-content\/uploads\/2026\/06\/2026-m.-kvadratui-sokiu-vakarai-Salcininkuose-PL-150x150.jpg 150w, https:\/\/salcininkaikultura.lt\/wp-content\/uploads\/2026\/06\/2026-m.-kvadratui-sokiu-vakarai-Salcininkuose-PL-768x768.jpg 768w, https:\/\/salcininkaikultura.lt\/wp-content\/uploads\/2026\/06\/2026-m.-kvadratui-sokiu-vakarai-Salcininkuose-PL-600x600.jpg 600w, https:\/\/salcininkaikultura.lt\/wp-content\/uploads\/2026\/06\/2026-m.-kvadratui-sokiu-vakarai-Salcininkuose-PL.jpg 992w\" sizes=\"(max-width: 300px) 100vw, 300px\" \/><\/div><\/a>\n\t\t\t\t<div class=\"elementor-post__badge\">Imprezy<\/div>\n\t\t\t\t<div class=\"elementor-post__text\">\n\t\t\t\t<h3 class=\"elementor-post__title\">\n\t\t\t<a href=\"https:\/\/salcininkaikultura.lt\/pl\/2026\/06\/17\/wieczory-taneczne\/\" >\n\t\t\t\tWieczory taneczne\t\t\t<\/a>\n\t\t<\/h3>\n\t\t\t\t<div class=\"elementor-post__excerpt\">\n\t\t\t\t\t<\/div>\n\t\t\t\t<\/div>\n\t\t\t\t\t<\/div>\n\t\t<\/article>\n\t\t\t\t<article class=\"elementor-post elementor-grid-item post-25375 post type-post status-publish format-standard has-post-thumbnail hentry category-renginiai-pl category-kurybines-dirbtuves-pl entry has-media\" role=\"listitem\">\n\t\t\t<div class=\"elementor-post__card\">\n\t\t\t\t<a class=\"elementor-post__thumbnail__link\" href=\"https:\/\/salcininkaikultura.lt\/pl\/2026\/06\/15\/letnia-szkola-artystyczna-w-solecznikach-2026\/\" tabindex=\"-1\" ><div class=\"elementor-post__thumbnail\"><img loading=\"lazy\" decoding=\"async\" width=\"300\" height=\"300\" src=\"https:\/\/salcininkaikultura.lt\/wp-content\/uploads\/2026\/06\/PL-LT-kvadratas-300x300.jpg\" class=\"attachment-medium size-medium wp-image-25383\" alt=\"\" srcset=\"https:\/\/salcininkaikultura.lt\/wp-content\/uploads\/2026\/06\/PL-LT-kvadratas-300x300.jpg 300w, https:\/\/salcininkaikultura.lt\/wp-content\/uploads\/2026\/06\/PL-LT-kvadratas-150x150.jpg 150w, https:\/\/salcininkaikultura.lt\/wp-content\/uploads\/2026\/06\/PL-LT-kvadratas-768x768.jpg 768w, https:\/\/salcininkaikultura.lt\/wp-content\/uploads\/2026\/06\/PL-LT-kvadratas-600x600.jpg 600w, https:\/\/salcininkaikultura.lt\/wp-content\/uploads\/2026\/06\/PL-LT-kvadratas.jpg 1000w\" sizes=\"(max-width: 300px) 100vw, 300px\" \/><\/div><\/a>\n\t\t\t\t<div class=\"elementor-post__badge\">Imprezy<\/div>\n\t\t\t\t<div class=\"elementor-post__text\">\n\t\t\t\t<h3 class=\"elementor-post__title\">\n\t\t\t<a href=\"https:\/\/salcininkaikultura.lt\/pl\/2026\/06\/15\/letnia-szkola-artystyczna-w-solecznikach-2026\/\" >\n\t\t\t\tLetnia Szko\u0142a Artystyczna w Solecznikach 2026\t\t\t<\/a>\n\t\t<\/h3>\n\t\t\t\t<div class=\"elementor-post__excerpt\">\n\t\t\t<p>Letnia Szko\u0142a Artystyczna w Solecznikach 2026 Tytu\u0142: \u201eW pracowni etruskiego artysty\u2026\u201d Termin: 13\u201324 lipca 2026 r. Miejsce: Centrum Kultury w Solecznikach Zaj\u0119cia poprowadzi malarka i<\/p>\n\t\t<\/div>\n\t\t\t\t<\/div>\n\t\t\t\t\t<\/div>\n\t\t<\/article>\n\t\t\t\t<article class=\"elementor-post elementor-grid-item post-25242 post type-post status-publish format-standard has-post-thumbnail hentry category-festivaliai-pl category-renginiai-pl category-dvaro-renginiai category-koncertai-pl entry has-media\" role=\"listitem\">\n\t\t\t<div class=\"elementor-post__card\">\n\t\t\t\t<a class=\"elementor-post__thumbnail__link\" href=\"https:\/\/salcininkaikultura.lt\/pl\/2026\/06\/04\/festiwal-muzyka-w-palacu-balinskich-w-jaszunach-2026\/\" tabindex=\"-1\" ><div class=\"elementor-post__thumbnail\"><img loading=\"lazy\" decoding=\"async\" width=\"300\" height=\"282\" src=\"https:\/\/salcininkaikultura.lt\/wp-content\/uploads\/2026\/06\/kvadratui-PL-Muzika-Jasiunu-dvare-2026-300x282.jpg\" class=\"attachment-medium size-medium wp-image-25243\" alt=\"\" srcset=\"https:\/\/salcininkaikultura.lt\/wp-content\/uploads\/2026\/06\/kvadratui-PL-Muzika-Jasiunu-dvare-2026-300x282.jpg 300w, https:\/\/salcininkaikultura.lt\/wp-content\/uploads\/2026\/06\/kvadratui-PL-Muzika-Jasiunu-dvare-2026-1024x962.jpg 1024w, https:\/\/salcininkaikultura.lt\/wp-content\/uploads\/2026\/06\/kvadratui-PL-Muzika-Jasiunu-dvare-2026-768x722.jpg 768w, https:\/\/salcininkaikultura.lt\/wp-content\/uploads\/2026\/06\/kvadratui-PL-Muzika-Jasiunu-dvare-2026.jpg 1191w\" sizes=\"(max-width: 300px) 100vw, 300px\" \/><\/div><\/a>\n\t\t\t\t<div class=\"elementor-post__badge\">Festiwale<\/div>\n\t\t\t\t<div class=\"elementor-post__text\">\n\t\t\t\t<h3 class=\"elementor-post__title\">\n\t\t\t<a href=\"https:\/\/salcininkaikultura.lt\/pl\/2026\/06\/04\/festiwal-muzyka-w-palacu-balinskich-w-jaszunach-2026\/\" >\n\t\t\t\tFestiwal MUZYKA W PA\u0141ACU BALI\u0143SKICH W JASZUNACH 2026\t\t\t<\/a>\n\t\t<\/h3>\n\t\t\t\t<div class=\"elementor-post__excerpt\">\n\t\t\t<p>Centrum Kultury Rejonu Solecznickiego Litewska Filharmonia Narodowa FESTIWAL \u201eMUZYKA W PA\u0141ACU BALI\u0143SKICH W JASZUNACH 2026&#8243; XI sezon \u00a05 lipca, niedzielaKoncert inauguracyjny festiwalu ORKIESTRA WOJSKA LITEWSKIEGOKapelmistrz<\/p>\n\t\t<\/div>\n\t\t\t\t<\/div>\n\t\t\t\t\t<\/div>\n\t\t<\/article>\n\t\t\t\t<article class=\"elementor-post elementor-grid-item post-25193 post type-post status-publish format-standard has-post-thumbnail hentry category-festivaliai-pl category-renginiai-pl entry has-media\" role=\"listitem\">\n\t\t\t<div class=\"elementor-post__card\">\n\t\t\t\t<a class=\"elementor-post__thumbnail__link\" href=\"https:\/\/salcininkaikultura.lt\/pl\/2026\/06\/01\/xi-miedzynarodowy-festiwal-muzyki-choralnej-o-zlota-wstege-solczy-2\/\" tabindex=\"-1\" ><div class=\"elementor-post__thumbnail\"><img loading=\"lazy\" decoding=\"async\" width=\"300\" height=\"300\" src=\"https:\/\/salcininkaikultura.lt\/wp-content\/uploads\/2026\/06\/1-1-300x300.jpg\" class=\"attachment-medium size-medium wp-image-25182\" alt=\"\" srcset=\"https:\/\/salcininkaikultura.lt\/wp-content\/uploads\/2026\/06\/1-1-300x300.jpg 300w, https:\/\/salcininkaikultura.lt\/wp-content\/uploads\/2026\/06\/1-1-1024x1024.jpg 1024w, https:\/\/salcininkaikultura.lt\/wp-content\/uploads\/2026\/06\/1-1-150x150.jpg 150w, https:\/\/salcininkaikultura.lt\/wp-content\/uploads\/2026\/06\/1-1-768x768.jpg 768w, https:\/\/salcininkaikultura.lt\/wp-content\/uploads\/2026\/06\/1-1-600x600.jpg 600w, https:\/\/salcininkaikultura.lt\/wp-content\/uploads\/2026\/06\/1-1.jpg 1200w\" sizes=\"(max-width: 300px) 100vw, 300px\" \/><\/div><\/a>\n\t\t\t\t<div class=\"elementor-post__badge\">Festiwale<\/div>\n\t\t\t\t<div class=\"elementor-post__text\">\n\t\t\t\t<h3 class=\"elementor-post__title\">\n\t\t\t<a href=\"https:\/\/salcininkaikultura.lt\/pl\/2026\/06\/01\/xi-miedzynarodowy-festiwal-muzyki-choralnej-o-zlota-wstege-solczy-2\/\" >\n\t\t\t\tXI Mi\u0119dzynarodowy Festiwal Muzyki Ch\u00f3ralnej \u201eO Z\u0142ot\u0105 Wst\u0119g\u0119 Solczy\u201d\t\t\t<\/a>\n\t\t<\/h3>\n\t\t\t\t<div class=\"elementor-post__excerpt\">\n\t\t\t<p>XI Mi\u0119dzynarodowy Festiwal Muzyki Ch\u00f3ralnej \u201eO Z\u0142ot\u0105 Wst\u0119g\u0119 Solczy\u201d W dniach 13 \u2013 14 czerwca 2026 roku w ko\u015bciele pw. Wniebowst\u0105pienia Pa\u0144skiego w Ejszyszkach odb\u0119dzie<\/p>\n\t\t<\/div>\n\t\t\t\t<\/div>\n\t\t\t\t\t<\/div>\n\t\t<\/article>\n\t\t\t\t<article class=\"elementor-post elementor-grid-item post-25132 post type-post status-publish format-standard has-post-thumbnail hentry category-dvaro-naujienos category-renginiai-pl category-koncertai-pl entry has-media\" role=\"listitem\">\n\t\t\t<div class=\"elementor-post__card\">\n\t\t\t\t<a class=\"elementor-post__thumbnail__link\" href=\"https:\/\/salcininkaikultura.lt\/pl\/2026\/05\/28\/noc-swietojanska-2026\/\" tabindex=\"-1\" ><div class=\"elementor-post__thumbnail\"><img loading=\"lazy\" decoding=\"async\" width=\"300\" height=\"300\" src=\"https:\/\/salcininkaikultura.lt\/wp-content\/uploads\/2026\/05\/2-1-300x300.jpg\" class=\"attachment-medium size-medium wp-image-25102\" alt=\"\" srcset=\"https:\/\/salcininkaikultura.lt\/wp-content\/uploads\/2026\/05\/2-1-300x300.jpg 300w, https:\/\/salcininkaikultura.lt\/wp-content\/uploads\/2026\/05\/2-1-1024x1024.jpg 1024w, https:\/\/salcininkaikultura.lt\/wp-content\/uploads\/2026\/05\/2-1-150x150.jpg 150w, https:\/\/salcininkaikultura.lt\/wp-content\/uploads\/2026\/05\/2-1-768x768.jpg 768w, https:\/\/salcininkaikultura.lt\/wp-content\/uploads\/2026\/05\/2-1-600x600.jpg 600w, https:\/\/salcininkaikultura.lt\/wp-content\/uploads\/2026\/05\/2-1.jpg 1200w\" sizes=\"(max-width: 300px) 100vw, 300px\" \/><\/div><\/a>\n\t\t\t\t<div class=\"elementor-post__badge\">Aktualno\u015bci Pa\u0142acu Bali\u0144skich w Jaszunach<\/div>\n\t\t\t\t<div class=\"elementor-post__text\">\n\t\t\t\t<h3 class=\"elementor-post__title\">\n\t\t\t<a href=\"https:\/\/salcininkaikultura.lt\/pl\/2026\/05\/28\/noc-swietojanska-2026\/\" >\n\t\t\t\tNOC \u015aWI\u0118TOJA\u0143SKA 2026\t\t\t<\/a>\n\t\t<\/h3>\n\t\t\t\t<div class=\"elementor-post__excerpt\">\n\t\t\t<p>\ud83c\udf3f\u2728\u00a0Noc \u015awi\u0119toja\u0144ska 2026 w Jaszunach\u2013 magiczna, pe\u0142na czar\u00f3w!\u00a0\u2728\ud83c\udf3fWyj\u0105tkowe \u015bwi\u0119to pe\u0142ne tradycji, muzyki i magii, kt\u00f3re odb\u0119dzie si\u0119 23 czerwca 2026 r. w parku Pa\u0142acu Bali\u0144skich<\/p>\n\t\t<\/div>\n\t\t\t\t<\/div>\n\t\t\t\t\t<\/div>\n\t\t<\/article>\n\t\t\t\t<article class=\"elementor-post elementor-grid-item post-25121 post type-post status-publish format-standard has-post-thumbnail hentry category-renginiai-pl category-dvaro-renginiai category-spektakliai-pl category-kurybines-dirbtuves-pl entry has-media\" role=\"listitem\">\n\t\t\t<div class=\"elementor-post__card\">\n\t\t\t\t<a class=\"elementor-post__thumbnail__link\" href=\"https:\/\/salcininkaikultura.lt\/pl\/2026\/05\/28\/piknik-rodzinny-u-balinskich-tajemnice-galaktyki\/\" tabindex=\"-1\" ><div class=\"elementor-post__thumbnail\"><img loading=\"lazy\" decoding=\"async\" width=\"212\" height=\"300\" src=\"https:\/\/salcininkaikultura.lt\/wp-content\/uploads\/2026\/05\/Piknik-rodzinny-u-Balinskich-2026-JaszunyPL-212x300.jpg\" class=\"attachment-medium size-medium wp-image-25122\" alt=\"\" srcset=\"https:\/\/salcininkaikultura.lt\/wp-content\/uploads\/2026\/05\/Piknik-rodzinny-u-Balinskich-2026-JaszunyPL-212x300.jpg 212w, https:\/\/salcininkaikultura.lt\/wp-content\/uploads\/2026\/05\/Piknik-rodzinny-u-Balinskich-2026-JaszunyPL-725x1024.jpg 725w, https:\/\/salcininkaikultura.lt\/wp-content\/uploads\/2026\/05\/Piknik-rodzinny-u-Balinskich-2026-JaszunyPL-768x1085.jpg 768w, https:\/\/salcininkaikultura.lt\/wp-content\/uploads\/2026\/05\/Piknik-rodzinny-u-Balinskich-2026-JaszunyPL.jpg 900w\" sizes=\"(max-width: 212px) 100vw, 212px\" \/><\/div><\/a>\n\t\t\t\t<div class=\"elementor-post__badge\">Imprezy<\/div>\n\t\t\t\t<div class=\"elementor-post__text\">\n\t\t\t\t<h3 class=\"elementor-post__title\">\n\t\t\t<a href=\"https:\/\/salcininkaikultura.lt\/pl\/2026\/05\/28\/piknik-rodzinny-u-balinskich-tajemnice-galaktyki\/\" >\n\t\t\t\tPiknik rodzinny u Bali\u0144skich. Tajemnice galaktyki.\t\t\t<\/a>\n\t\t<\/h3>\n\t\t\t\t<div class=\"elementor-post__excerpt\">\n\t\t\t<p>Zapraszamy na Piknik Rodzinny u Bali\u0144skich \u201eTajemnice Galaktyki\u201d! 7 czerwca 2026 r. park Bali\u0144skich w Jaszunach zamieni si\u0119 w prawdziw\u0105 przestrze\u0144 kosmicznych odkry\u0107! Czy wiedzieli\u015bcie,<\/p>\n\t\t<\/div>\n\t\t\t\t<\/div>\n\t\t\t\t\t<\/div>\n\t\t<\/article>\n\t\t\t\t<\/div>\n\t\t\n\t\t\t\t\t\t<\/div>\n\t\t\t\t<\/div>\n\t\t\t\t\t<\/div>\n\t\t<\/div>\n\t\t\t\t\t<\/div>\n\t\t<\/section>\n\t\t\t\t<\/div>\n\t\t","protected":false},"excerpt":{"rendered":"","protected":false},"author":1,"featured_media":0,"parent":0,"menu_order":0,"comment_status":"closed","ping_status":"closed","template":"elementor_header_footer","meta":{"ocean_front_end_style_editor":"no","ocean_post_layout":"","ocean_both_sidebars_style":"","ocean_both_sidebars_content_width":0,"ocean_both_sidebars_sidebars_width":0,"ocean_sidebar":"0","ocean_second_sidebar":"0","ocean_disable_margins":"enable","ocean_add_body_class":"","ocean_shortcode_before_top_bar":"","ocean_shortcode_after_top_bar":"","ocean_shortcode_before_header":"","ocean_shortcode_after_header":"","ocean_has_shortcode":"","ocean_shortcode_after_title":"","ocean_shortcode_before_footer_widgets":"","ocean_shortcode_after_footer_widgets":"","ocean_shortcode_before_footer_bottom":"","ocean_shortcode_after_footer_bottom":"","ocean_display_top_bar":"default","ocean_display_header":"default","ocean_header_style":"","ocean_center_header_left_menu":"0","ocean_custom_header_template":"0","ocean_custom_logo":0,"ocean_custom_retina_logo":0,"ocean_custom_logo_max_width":0,"ocean_custom_logo_tablet_max_width":0,"ocean_custom_logo_mobile_max_width":0,"ocean_custom_logo_max_height":0,"ocean_custom_logo_tablet_max_height":0,"ocean_custom_logo_mobile_max_height":0,"ocean_header_custom_menu":"0","ocean_menu_typo_font_family":"0","ocean_menu_typo_font_subset":"","ocean_menu_typo_font_size":0,"ocean_menu_typo_font_size_tablet":0,"ocean_menu_typo_font_size_mobile":0,"ocean_menu_typo_font_size_unit":"px","ocean_menu_typo_font_weight":"","ocean_menu_typo_font_weight_tablet":"","ocean_menu_typo_font_weight_mobile":"","ocean_menu_typo_transform":"","ocean_menu_typo_transform_tablet":"","ocean_menu_typo_transform_mobile":"","ocean_menu_typo_line_height":0,"ocean_menu_typo_line_height_tablet":0,"ocean_menu_typo_line_height_mobile":0,"ocean_menu_typo_line_height_unit":"","ocean_menu_typo_spacing":0,"ocean_menu_typo_spacing_tablet":0,"ocean_menu_typo_spacing_mobile":0,"ocean_menu_typo_spacing_unit":"","ocean_menu_link_color":"","ocean_menu_link_color_hover":"","ocean_menu_link_color_active":"","ocean_menu_link_background":"","ocean_menu_link_hover_background":"","ocean_menu_link_active_background":"","ocean_menu_social_links_bg":"","ocean_menu_social_hover_links_bg":"","ocean_menu_social_links_color":"","ocean_menu_social_hover_links_color":"","ocean_disable_title":"default","ocean_disable_heading":"default","ocean_post_title":"","ocean_post_subheading":"","ocean_post_title_style":"","ocean_post_title_background_color":"","ocean_post_title_background":0,"ocean_post_title_bg_image_position":"","ocean_post_title_bg_image_attachment":"","ocean_post_title_bg_image_repeat":"","ocean_post_title_bg_image_size":"","ocean_post_title_height":0,"ocean_post_title_bg_overlay":0.5,"ocean_post_title_bg_overlay_color":"","ocean_disable_breadcrumbs":"default","ocean_breadcrumbs_color":"","ocean_breadcrumbs_separator_color":"","ocean_breadcrumbs_links_color":"","ocean_breadcrumbs_links_hover_color":"","ocean_display_footer_widgets":"default","ocean_display_footer_bottom":"default","ocean_custom_footer_template":"0","footnotes":""},"class_list":["post-878","page","type-page","status-publish","hentry","entry","has-media"],"_links":{"self":[{"href":"https:\/\/salcininkaikultura.lt\/pl\/wp-json\/wp\/v2\/pages\/878","targetHints":{"allow":["GET"]}}],"collection":[{"href":"https:\/\/salcininkaikultura.lt\/pl\/wp-json\/wp\/v2\/pages"}],"about":[{"href":"https:\/\/salcininkaikultura.lt\/pl\/wp-json\/wp\/v2\/types\/page"}],"author":[{"embeddable":true,"href":"https:\/\/salcininkaikultura.lt\/pl\/wp-json\/wp\/v2\/users\/1"}],"replies":[{"embeddable":true,"href":"https:\/\/salcininkaikultura.lt\/pl\/wp-json\/wp\/v2\/comments?post=878"}],"version-history":[{"count":12,"href":"https:\/\/salcininkaikultura.lt\/pl\/wp-json\/wp\/v2\/pages\/878\/revisions"}],"predecessor-version":[{"id":20483,"href":"https:\/\/salcininkaikultura.lt\/pl\/wp-json\/wp\/v2\/pages\/878\/revisions\/20483"}],"wp:attachment":[{"href":"https:\/\/salcininkaikultura.lt\/pl\/wp-json\/wp\/v2\/media?parent=878"}],"curies":[{"name":"wp","href":"https:\/\/api.w.org\/{rel}","templated":true}]}}